{"id":212,"date":"2018-02-24T16:20:27","date_gmt":"2018-02-24T15:20:27","guid":{"rendered":"https:\/\/ozbud.kopie.pro\/?page_id=212"},"modified":"2018-10-29T14:27:01","modified_gmt":"2018-10-29T13:27:01","slug":"aktualnosci","status":"publish","type":"page","link":"https:\/\/ozbud.kopie.pro\/index.php\/aktualnosci\/","title":{"rendered":"Aktualno\u015bci"},"content":{"rendered":"<\/div><\/div><\/div><!-- close content main div --><\/div><\/div><div id='av_section_1' class='avia-section main_color avia-section-large avia-no-border-styling avia-full-stretch av-section-color-overlay-active avia-bg-style-scroll   container_wrap fullsize' style = 'background-repeat: no-repeat; background-image: url(https:\/\/ozbud.kopie.pro\/wp-content\/uploads\/2018\/05\/hala-przemys\u0142owa-W7-IMG_2359-2.jpg); background-attachment: scroll; background-position: center center; ' data-section-bg-repeat='stretch' ><div class='av-section-color-overlay-wrap'><div class='av-section-color-overlay' style='opacity: 0.5; background-color: #00345b; '><\/div><div class='container' ><div class='template-page content  av-content-full alpha units'><div class='post-entry post-entry-type-page post-entry-212'><div class='entry-content-wrapper clearfix'>\n<div style='padding-bottom:0px;color:#ffffff;font-size:30px;' class='av-special-heading av-special-heading-h3 custom-color-heading blockquote modern-quote modern-centered  av-thin-font av-inherit-size '><h3 class='av-special-heading-tag '  itemprop=\"headline\"  ><strong>AKTUALNO\u015aCI<\/strong><\/h3><div class='special-heading-border'><div class='special-heading-inner-border' style='border-color:#ffffff'><\/div><\/div><\/div>\n\n<div  data-autoplay=''  data-interval='5'  data-animation='fade'  data-show_slide_delay='90'  class='avia-content-slider avia-content-grid-active avia-content-slider1 avia-content-slider-odd  '  itemscope=\"itemscope\" itemtype=\"https:\/\/schema.org\/Blog\" ><div class='avia-content-slider-inner'><div class='slide-entry-wrap'><article class='slide-entry flex_column  post-entry post-entry-2805 slide-entry-overview slide-loop-1 slide-parity-odd  av_one_third first real-thumbnail'  itemscope=\"itemscope\" itemtype=\"https:\/\/schema.org\/BlogPosting\" itemprop=\"blogPost\" ><a href='https:\/\/ozbud.kopie.pro\/index.php\/2025\/10\/03\/zakonczenie-prac-przy-budowie-biurowca-z-hala-magazynowa-2-2-2\/' data-rel='slide-1' class='slide-image' title=''><img loading=\"lazy\" decoding=\"async\" width=\"495\" height=\"400\" src=\"https:\/\/ozbud.kopie.pro\/wp-content\/uploads\/2025\/10\/CIE_002_v4-min-1500x938-1-495x400.jpg\" class=\"attachment-portfolio size-portfolio wp-post-image\" alt=\"\" srcset=\"https:\/\/ozbud.kopie.pro\/wp-content\/uploads\/2025\/10\/CIE_002_v4-min-1500x938-1-495x400.jpg 495w, https:\/\/ozbud.kopie.pro\/wp-content\/uploads\/2025\/10\/CIE_002_v4-min-1500x938-1-845x684.jpg 845w\" sizes=\"auto, (max-width: 495px) 100vw, 495px\" \/><\/a><div class='slide-content'><header class=\"entry-content-header\"><span class=\"blog-categories minor-meta\"><a href=\"https:\/\/ozbud.kopie.pro\/index.php\/category\/aktualnosci\/\" rel=\"tag\">Aktualno\u015bci<\/a> <\/span><h3 class='slide-entry-title entry-title'  itemprop=\"headline\" ><a href='https:\/\/ozbud.kopie.pro\/index.php\/2025\/10\/03\/zakonczenie-prac-przy-budowie-biurowca-z-hala-magazynowa-2-2-2\/' title='Enklawa Cieplice - Budynki wielorodzinne w Jeleniej G\u00f3rze'>Enklawa Cieplice - Budynki wielorodzinne w Jeleniej G\u00f3rze<\/a><\/h3><span class=\"av-vertical-delimiter\"><\/span><\/header><div class='slide-entry-excerpt entry-content'  itemprop=\"text\" >\r\n\r\n\r\n\r\n<\/div><\/div><footer class=\"entry-footer\"><div class='slide-meta'><time class='slide-meta-time updated'  itemprop=\"datePublished\" datetime=\"2025-10-03T10:23:48+02:00\" >3 pa\u017adziernika 2025<\/time><\/div><\/footer><span class='hidden'>\n\t\t\t<span class='av-structured-data'  itemprop=\"ImageObject\" itemscope=\"itemscope\" itemtype=\"https:\/\/schema.org\/ImageObject\"  itemprop='image'>\n\t\t\t\t\t   <span itemprop='url' >https:\/\/ozbud.kopie.pro\/wp-content\/uploads\/2025\/10\/CIE_002_v4-min-1500x938-1.jpg<\/span>\n\t\t\t\t\t   <span itemprop='height' >938<\/span>\n\t\t\t\t\t   <span itemprop='width' >1500<\/span>\n\t\t\t\t  <\/span><span class='av-structured-data'  itemprop=\"publisher\" itemtype=\"https:\/\/schema.org\/Organization\" itemscope=\"itemscope\" >\n\t\t\t\t<span itemprop='name'>- OZBUD<\/span>\n\t\t\t\t<span itemprop='logo' itemscope itemtype='http:\/\/schema.org\/ImageObject'>\n\t\t\t\t   <span itemprop='url'>https:\/\/ozbud.kopie.pro\/wp-content\/uploads\/2018\/02\/ozbud-logo-05.png<\/span>\n\t\t\t\t <\/span>\n\t\t\t  <\/span><span class='av-structured-data'  itemprop=\"author\" itemscope=\"itemscope\" itemtype=\"https:\/\/schema.org\/Person\" ><span itemprop='name'>- OZBUD<\/span><\/span><span class='av-structured-data'  itemprop=\"datePublished\" datetime=\"2020-07-02T15:56:48+02:00\" >2025-10-03 10:23:48<\/span><span class='av-structured-data'  itemprop=\"dateModified\" itemtype=\"https:\/\/schema.org\/dateModified\" >2025-10-03 10:23:48<\/span><span class='av-structured-data'  itemprop=\"mainEntityOfPage\" itemtype=\"https:\/\/schema.org\/mainEntityOfPage\" ><span itemprop='name'>Enklawa Cieplice - Budynki wielorodzinne w Jeleniej G\u00f3rze<\/span><\/span><\/span><\/article><article class='slide-entry flex_column  post-entry post-entry-2793 slide-entry-overview slide-loop-2 slide-parity-even  av_one_third  real-thumbnail'  itemscope=\"itemscope\" itemtype=\"https:\/\/schema.org\/BlogPosting\" itemprop=\"blogPost\" ><a href='https:\/\/ozbud.kopie.pro\/index.php\/2025\/10\/02\/zakonczenie-prac-przy-budowie-biurowca-z-hala-magazynowa-2-2\/' data-rel='slide-1' class='slide-image' title=''><img loading=\"lazy\" decoding=\"async\" width=\"495\" height=\"400\" src=\"https:\/\/ozbud.kopie.pro\/wp-content\/uploads\/2025\/10\/IMG20240618102551-495x400.jpg\" class=\"attachment-portfolio size-portfolio wp-post-image\" alt=\"\" srcset=\"https:\/\/ozbud.kopie.pro\/wp-content\/uploads\/2025\/10\/IMG20240618102551-495x400.jpg 495w, https:\/\/ozbud.kopie.pro\/wp-content\/uploads\/2025\/10\/IMG20240618102551-845x684.jpg 845w\" sizes=\"auto, (max-width: 495px) 100vw, 495px\" \/><\/a><div class='slide-content'><header class=\"entry-content-header\"><span class=\"blog-categories minor-meta\"><a href=\"https:\/\/ozbud.kopie.pro\/index.php\/category\/aktualnosci\/\" rel=\"tag\">Aktualno\u015bci<\/a> <\/span><h3 class='slide-entry-title entry-title'  itemprop=\"headline\" ><a href='https:\/\/ozbud.kopie.pro\/index.php\/2025\/10\/02\/zakonczenie-prac-przy-budowie-biurowca-z-hala-magazynowa-2-2\/' title='Zabezpieczenie relikt\u00f3w mur\u00f3w Zamku Piast\u00f3w \u015al\u0105skich oraz ich ekspozycja z tarasem widokowym i infrastruktur\u0105 - zako\u0144czono prace'>Zabezpieczenie relikt\u00f3w mur\u00f3w Zamku Piast\u00f3w \u015al\u0105skich oraz ich ekspozycja z tarasem widokowym i infrastruktur\u0105 - zako\u0144czono prace<\/a><\/h3><span class=\"av-vertical-delimiter\"><\/span><\/header><div class='slide-entry-excerpt entry-content'  itemprop=\"text\" >\r\n\r\n\r\n\r\n<\/div><\/div><footer class=\"entry-footer\"><div class='slide-meta'><time class='slide-meta-time updated'  itemprop=\"datePublished\" datetime=\"2025-10-02T13:43:07+02:00\" >2 pa\u017adziernika 2025<\/time><\/div><\/footer><span class='hidden'>\n\t\t\t<span class='av-structured-data'  itemprop=\"ImageObject\" itemscope=\"itemscope\" itemtype=\"https:\/\/schema.org\/ImageObject\"  itemprop='image'>\n\t\t\t\t\t   <span itemprop='url' >https:\/\/ozbud.kopie.pro\/wp-content\/uploads\/2025\/10\/IMG20240618102551-scaled.jpg<\/span>\n\t\t\t\t\t   <span itemprop='height' >1920<\/span>\n\t\t\t\t\t   <span itemprop='width' >2560<\/span>\n\t\t\t\t  <\/span><span class='av-structured-data'  itemprop=\"publisher\" itemtype=\"https:\/\/schema.org\/Organization\" itemscope=\"itemscope\" >\n\t\t\t\t<span itemprop='name'>- OZBUD<\/span>\n\t\t\t\t<span itemprop='logo' itemscope itemtype='http:\/\/schema.org\/ImageObject'>\n\t\t\t\t   <span itemprop='url'>https:\/\/ozbud.kopie.pro\/wp-content\/uploads\/2018\/02\/ozbud-logo-05.png<\/span>\n\t\t\t\t <\/span>\n\t\t\t  <\/span><span class='av-structured-data'  itemprop=\"author\" itemscope=\"itemscope\" itemtype=\"https:\/\/schema.org\/Person\" ><span itemprop='name'>- OZBUD<\/span><\/span><span class='av-structured-data'  itemprop=\"datePublished\" datetime=\"2020-07-02T15:56:48+02:00\" >2025-10-02 13:43:07<\/span><span class='av-structured-data'  itemprop=\"dateModified\" itemtype=\"https:\/\/schema.org\/dateModified\" >2025-10-02 13:43:07<\/span><span class='av-structured-data'  itemprop=\"mainEntityOfPage\" itemtype=\"https:\/\/schema.org\/mainEntityOfPage\" ><span itemprop='name'>Zabezpieczenie relikt\u00f3w mur\u00f3w Zamku Piast\u00f3w \u015al\u0105skich oraz ich ekspozycja z tarasem widokowym i infrastruktur\u0105 - zako\u0144czono prace<\/span><\/span><\/span><\/article><article class='slide-entry flex_column  post-entry post-entry-2778 slide-entry-overview slide-loop-3 slide-parity-odd  av_one_third  real-thumbnail'  itemscope=\"itemscope\" itemtype=\"https:\/\/schema.org\/BlogPosting\" itemprop=\"blogPost\" ><a href='https:\/\/ozbud.kopie.pro\/index.php\/2025\/10\/02\/zakonczenie-prac-przy-budowie-biurowca-z-hala-magazynowa-2\/' data-rel='slide-1' class='slide-image' title=''><img loading=\"lazy\" decoding=\"async\" width=\"495\" height=\"400\" src=\"https:\/\/ozbud.kopie.pro\/wp-content\/uploads\/2025\/10\/25027-i-025-S-1024x683-1-495x400.jpg\" class=\"attachment-portfolio size-portfolio wp-post-image\" alt=\"\" srcset=\"https:\/\/ozbud.kopie.pro\/wp-content\/uploads\/2025\/10\/25027-i-025-S-1024x683-1-495x400.jpg 495w, https:\/\/ozbud.kopie.pro\/wp-content\/uploads\/2025\/10\/25027-i-025-S-1024x683-1-845x683.jpg 845w\" sizes=\"auto, (max-width: 495px) 100vw, 495px\" \/><\/a><div class='slide-content'><header class=\"entry-content-header\"><span class=\"blog-categories minor-meta\"><a href=\"https:\/\/ozbud.kopie.pro\/index.php\/category\/aktualnosci\/\" rel=\"tag\">Aktualno\u015bci<\/a> <\/span><h3 class='slide-entry-title entry-title'  itemprop=\"headline\" ><a href='https:\/\/ozbud.kopie.pro\/index.php\/2025\/10\/02\/zakonczenie-prac-przy-budowie-biurowca-z-hala-magazynowa-2\/' title='Zako\u0144czenie prac przy budowie Apartament\u00f3w przy Parku Szczytnickim'>Zako\u0144czenie prac przy budowie Apartament\u00f3w przy Parku Szczytnickim<\/a><\/h3><span class=\"av-vertical-delimiter\"><\/span><\/header><div class='slide-entry-excerpt entry-content'  itemprop=\"text\" >\r\n\r\n\r\n\r\n\r\n\r\n\r\n\r\n<\/div><\/div><footer class=\"entry-footer\"><div class='slide-meta'><time class='slide-meta-time updated'  itemprop=\"datePublished\" datetime=\"2025-10-02T13:07:18+02:00\" >2 pa\u017adziernika 2025<\/time><\/div><\/footer><span class='hidden'>\n\t\t\t<span class='av-structured-data'  itemprop=\"ImageObject\" itemscope=\"itemscope\" itemtype=\"https:\/\/schema.org\/ImageObject\"  itemprop='image'>\n\t\t\t\t\t   <span itemprop='url' >https:\/\/ozbud.kopie.pro\/wp-content\/uploads\/2025\/10\/25027-i-025-S-1024x683-1.jpg<\/span>\n\t\t\t\t\t   <span itemprop='height' >683<\/span>\n\t\t\t\t\t   <span itemprop='width' >1024<\/span>\n\t\t\t\t  <\/span><span class='av-structured-data'  itemprop=\"publisher\" itemtype=\"https:\/\/schema.org\/Organization\" itemscope=\"itemscope\" >\n\t\t\t\t<span itemprop='name'>- OZBUD<\/span>\n\t\t\t\t<span itemprop='logo' itemscope itemtype='http:\/\/schema.org\/ImageObject'>\n\t\t\t\t   <span itemprop='url'>https:\/\/ozbud.kopie.pro\/wp-content\/uploads\/2018\/02\/ozbud-logo-05.png<\/span>\n\t\t\t\t <\/span>\n\t\t\t  <\/span><span class='av-structured-data'  itemprop=\"author\" itemscope=\"itemscope\" itemtype=\"https:\/\/schema.org\/Person\" ><span itemprop='name'>- OZBUD<\/span><\/span><span class='av-structured-data'  itemprop=\"datePublished\" datetime=\"2020-07-02T15:56:48+02:00\" >2025-10-02 13:07:18<\/span><span class='av-structured-data'  itemprop=\"dateModified\" itemtype=\"https:\/\/schema.org\/dateModified\" >2025-10-02 13:08:15<\/span><span class='av-structured-data'  itemprop=\"mainEntityOfPage\" itemtype=\"https:\/\/schema.org\/mainEntityOfPage\" ><span itemprop='name'>Zako\u0144czenie prac przy budowie Apartament\u00f3w przy Parku Szczytnickim<\/span><\/span><\/span><\/article><\/div><div class='slide-entry-wrap'><article class='slide-entry flex_column  post-entry post-entry-2745 slide-entry-overview slide-loop-4 slide-parity-odd  av_one_third first real-thumbnail'  itemscope=\"itemscope\" itemtype=\"https:\/\/schema.org\/BlogPosting\" itemprop=\"blogPost\" ><a href='https:\/\/ozbud.kopie.pro\/index.php\/2024\/01\/30\/zakonczenie-prac-przy-budowie-biurowca-z-hala-magazynowa\/' data-rel='slide-1' class='slide-image' title=''><img loading=\"lazy\" decoding=\"async\" width=\"495\" height=\"400\" src=\"https:\/\/ozbud.kopie.pro\/wp-content\/uploads\/2024\/01\/Zdjecie-WhatsApp-2023-12-01-o-22.44.12_15fad4e6-495x400.jpg\" class=\"attachment-portfolio size-portfolio wp-post-image\" alt=\"\" srcset=\"https:\/\/ozbud.kopie.pro\/wp-content\/uploads\/2024\/01\/Zdjecie-WhatsApp-2023-12-01-o-22.44.12_15fad4e6-495x400.jpg 495w, https:\/\/ozbud.kopie.pro\/wp-content\/uploads\/2024\/01\/Zdjecie-WhatsApp-2023-12-01-o-22.44.12_15fad4e6-845x684.jpg 845w\" sizes=\"auto, (max-width: 495px) 100vw, 495px\" \/><\/a><div class='slide-content'><header class=\"entry-content-header\"><span class=\"blog-categories minor-meta\"><a href=\"https:\/\/ozbud.kopie.pro\/index.php\/category\/aktualnosci\/\" rel=\"tag\">Aktualno\u015bci<\/a> <\/span><h3 class='slide-entry-title entry-title'  itemprop=\"headline\" ><a href='https:\/\/ozbud.kopie.pro\/index.php\/2024\/01\/30\/zakonczenie-prac-przy-budowie-biurowca-z-hala-magazynowa\/' title='Zako\u0144czenie prac przy budowie biurowca z hal\u0105 magazynow\u0105'>Zako\u0144czenie prac przy budowie biurowca z hal\u0105 magazynow\u0105<\/a><\/h3><span class=\"av-vertical-delimiter\"><\/span><\/header><div class='slide-entry-excerpt entry-content'  itemprop=\"text\" >\r\n\r\n<\/div><\/div><footer class=\"entry-footer\"><div class='slide-meta'><time class='slide-meta-time updated'  itemprop=\"datePublished\" datetime=\"2024-01-30T11:33:43+01:00\" >30 stycznia 2024<\/time><\/div><\/footer><span class='hidden'>\n\t\t\t<span class='av-structured-data'  itemprop=\"ImageObject\" itemscope=\"itemscope\" itemtype=\"https:\/\/schema.org\/ImageObject\"  itemprop='image'>\n\t\t\t\t\t   <span itemprop='url' >https:\/\/ozbud.kopie.pro\/wp-content\/uploads\/2024\/01\/Zdjecie-WhatsApp-2023-12-01-o-22.44.12_15fad4e6.jpg<\/span>\n\t\t\t\t\t   <span itemprop='height' >1128<\/span>\n\t\t\t\t\t   <span itemprop='width' >2000<\/span>\n\t\t\t\t  <\/span><span class='av-structured-data'  itemprop=\"publisher\" itemtype=\"https:\/\/schema.org\/Organization\" itemscope=\"itemscope\" >\n\t\t\t\t<span itemprop='name'>- OZBUD<\/span>\n\t\t\t\t<span itemprop='logo' itemscope itemtype='http:\/\/schema.org\/ImageObject'>\n\t\t\t\t   <span itemprop='url'>https:\/\/ozbud.kopie.pro\/wp-content\/uploads\/2018\/02\/ozbud-logo-05.png<\/span>\n\t\t\t\t <\/span>\n\t\t\t  <\/span><span class='av-structured-data'  itemprop=\"author\" itemscope=\"itemscope\" itemtype=\"https:\/\/schema.org\/Person\" ><span itemprop='name'>- OZBUD<\/span><\/span><span class='av-structured-data'  itemprop=\"datePublished\" datetime=\"2020-07-02T15:56:48+02:00\" >2024-01-30 11:33:43<\/span><span class='av-structured-data'  itemprop=\"dateModified\" itemtype=\"https:\/\/schema.org\/dateModified\" >2024-01-30 12:00:18<\/span><span class='av-structured-data'  itemprop=\"mainEntityOfPage\" itemtype=\"https:\/\/schema.org\/mainEntityOfPage\" ><span itemprop='name'>Zako\u0144czenie prac przy budowie biurowca z hal\u0105 magazynow\u0105<\/span><\/span><\/span><\/article><article class='slide-entry flex_column  post-entry post-entry-2738 slide-entry-overview slide-loop-5 slide-parity-even  av_one_third  real-thumbnail'  itemscope=\"itemscope\" itemtype=\"https:\/\/schema.org\/BlogPosting\" itemprop=\"blogPost\" ><a href='https:\/\/ozbud.kopie.pro\/index.php\/2024\/01\/30\/zakonczenie-termomodernizacji-dachu-na-hali-w300-dla-zks-labedy\/' data-rel='slide-1' class='slide-image' title=''><img loading=\"lazy\" decoding=\"async\" width=\"495\" height=\"400\" src=\"https:\/\/ozbud.kopie.pro\/wp-content\/uploads\/2024\/01\/420081934_978255293845834_6771025342885043685_n-495x400.jpg\" class=\"attachment-portfolio size-portfolio wp-post-image\" alt=\"\" srcset=\"https:\/\/ozbud.kopie.pro\/wp-content\/uploads\/2024\/01\/420081934_978255293845834_6771025342885043685_n-495x400.jpg 495w, https:\/\/ozbud.kopie.pro\/wp-content\/uploads\/2024\/01\/420081934_978255293845834_6771025342885043685_n-845x684.jpg 845w\" sizes=\"auto, (max-width: 495px) 100vw, 495px\" \/><\/a><div class='slide-content'><header class=\"entry-content-header\"><span class=\"blog-categories minor-meta\"><a href=\"https:\/\/ozbud.kopie.pro\/index.php\/category\/aktualnosci\/\" rel=\"tag\">Aktualno\u015bci<\/a> <\/span><h3 class='slide-entry-title entry-title'  itemprop=\"headline\" ><a href='https:\/\/ozbud.kopie.pro\/index.php\/2024\/01\/30\/zakonczenie-termomodernizacji-dachu-na-hali-w300-dla-zks-labedy\/' title='Zako\u0144czenie termomodernizacji dachu na hali W300  dla ZKS \u0141ab\u0119dy'>Zako\u0144czenie termomodernizacji dachu na hali W300  dla ZKS \u0141ab\u0119dy<\/a><\/h3><span class=\"av-vertical-delimiter\"><\/span><\/header><div class='slide-entry-excerpt entry-content'  itemprop=\"text\" >\r\n\r\n<\/div><\/div><footer class=\"entry-footer\"><div class='slide-meta'><time class='slide-meta-time updated'  itemprop=\"datePublished\" datetime=\"2024-01-30T11:18:08+01:00\" >30 stycznia 2024<\/time><\/div><\/footer><span class='hidden'>\n\t\t\t<span class='av-structured-data'  itemprop=\"ImageObject\" itemscope=\"itemscope\" itemtype=\"https:\/\/schema.org\/ImageObject\"  itemprop='image'>\n\t\t\t\t\t   <span itemprop='url' >https:\/\/ozbud.kopie.pro\/wp-content\/uploads\/2024\/01\/420081934_978255293845834_6771025342885043685_n.jpg<\/span>\n\t\t\t\t\t   <span itemprop='height' >960<\/span>\n\t\t\t\t\t   <span itemprop='width' >1280<\/span>\n\t\t\t\t  <\/span><span class='av-structured-data'  itemprop=\"publisher\" itemtype=\"https:\/\/schema.org\/Organization\" itemscope=\"itemscope\" >\n\t\t\t\t<span itemprop='name'>- OZBUD<\/span>\n\t\t\t\t<span itemprop='logo' itemscope itemtype='http:\/\/schema.org\/ImageObject'>\n\t\t\t\t   <span itemprop='url'>https:\/\/ozbud.kopie.pro\/wp-content\/uploads\/2018\/02\/ozbud-logo-05.png<\/span>\n\t\t\t\t <\/span>\n\t\t\t  <\/span><span class='av-structured-data'  itemprop=\"author\" itemscope=\"itemscope\" itemtype=\"https:\/\/schema.org\/Person\" ><span itemprop='name'>- OZBUD<\/span><\/span><span class='av-structured-data'  itemprop=\"datePublished\" datetime=\"2020-07-02T15:56:48+02:00\" >2024-01-30 11:18:08<\/span><span class='av-structured-data'  itemprop=\"dateModified\" itemtype=\"https:\/\/schema.org\/dateModified\" >2024-01-30 12:02:55<\/span><span class='av-structured-data'  itemprop=\"mainEntityOfPage\" itemtype=\"https:\/\/schema.org\/mainEntityOfPage\" ><span itemprop='name'>Zako\u0144czenie termomodernizacji dachu na hali W300  dla ZKS \u0141ab\u0119dy<\/span><\/span><\/span><\/article><article class='slide-entry flex_column  post-entry post-entry-2685 slide-entry-overview slide-loop-6 slide-parity-odd  av_one_third  real-thumbnail'  itemscope=\"itemscope\" itemtype=\"https:\/\/schema.org\/BlogPosting\" itemprop=\"blogPost\" ><a href='https:\/\/ozbud.kopie.pro\/index.php\/2022\/10\/30\/pulaskiego2_zol_orpea\/' data-rel='slide-1' class='slide-image' title=''><img loading=\"lazy\" decoding=\"async\" width=\"495\" height=\"400\" src=\"https:\/\/ozbud.kopie.pro\/wp-content\/uploads\/2022\/10\/Orpea_220829_114-3-495x400.jpg\" class=\"attachment-portfolio size-portfolio wp-post-image\" alt=\"\" srcset=\"https:\/\/ozbud.kopie.pro\/wp-content\/uploads\/2022\/10\/Orpea_220829_114-3-495x400.jpg 495w, https:\/\/ozbud.kopie.pro\/wp-content\/uploads\/2022\/10\/Orpea_220829_114-3-845x684.jpg 845w\" sizes=\"auto, (max-width: 495px) 100vw, 495px\" \/><\/a><div class='slide-content'><header class=\"entry-content-header\"><span class=\"blog-categories minor-meta\"><a href=\"https:\/\/ozbud.kopie.pro\/index.php\/category\/aktualnosci\/\" rel=\"tag\">Aktualno\u015bci<\/a> <\/span><h3 class='slide-entry-title entry-title'  itemprop=\"headline\" ><a href='https:\/\/ozbud.kopie.pro\/index.php\/2022\/10\/30\/pulaskiego2_zol_orpea\/' title='Oddanie Obiektu przy ul. Pu\u0142askiego 2 do u\u017cytkowania'>Oddanie Obiektu przy ul. Pu\u0142askiego 2 do u\u017cytkowania<\/a><\/h3><span class=\"av-vertical-delimiter\"><\/span><\/header><\/div><footer class=\"entry-footer\"><div class='slide-meta'><time class='slide-meta-time updated'  itemprop=\"datePublished\" datetime=\"2024-01-30T11:18:08+01:00\" >30 stycznia 2024<\/time><\/div><\/footer><span class='hidden'>\n\t\t\t<span class='av-structured-data'  itemprop=\"ImageObject\" itemscope=\"itemscope\" itemtype=\"https:\/\/schema.org\/ImageObject\"  itemprop='image'>\n\t\t\t\t\t   <span itemprop='url' >https:\/\/ozbud.kopie.pro\/wp-content\/uploads\/2022\/10\/Orpea_220829_114-3.jpg<\/span>\n\t\t\t\t\t   <span itemprop='height' >1366<\/span>\n\t\t\t\t\t   <span itemprop='width' >2048<\/span>\n\t\t\t\t  <\/span><span class='av-structured-data'  itemprop=\"publisher\" itemtype=\"https:\/\/schema.org\/Organization\" itemscope=\"itemscope\" >\n\t\t\t\t<span itemprop='name'>- OZBUD<\/span>\n\t\t\t\t<span itemprop='logo' itemscope itemtype='http:\/\/schema.org\/ImageObject'>\n\t\t\t\t   <span itemprop='url'>https:\/\/ozbud.kopie.pro\/wp-content\/uploads\/2018\/02\/ozbud-logo-05.png<\/span>\n\t\t\t\t <\/span>\n\t\t\t  <\/span><span class='av-structured-data'  itemprop=\"author\" itemscope=\"itemscope\" itemtype=\"https:\/\/schema.org\/Person\" ><span itemprop='name'>- OZBUD<\/span><\/span><span class='av-structured-data'  itemprop=\"datePublished\" datetime=\"2020-07-02T15:56:48+02:00\" >2022-10-30 15:18:03<\/span><span class='av-structured-data'  itemprop=\"dateModified\" itemtype=\"https:\/\/schema.org\/dateModified\" >2022-10-30 15:18:03<\/span><span class='av-structured-data'  itemprop=\"mainEntityOfPage\" itemtype=\"https:\/\/schema.org\/mainEntityOfPage\" ><span itemprop='name'>Oddanie Obiektu przy ul. Pu\u0142askiego 2 do u\u017cytkowania<\/span><\/span><\/span><\/article><\/div><div class='slide-entry-wrap'><article class='slide-entry flex_column  post-entry post-entry-2641 slide-entry-overview slide-loop-7 slide-parity-odd  av_one_third first real-thumbnail'  itemscope=\"itemscope\" itemtype=\"https:\/\/schema.org\/BlogPosting\" itemprop=\"blogPost\" ><a href='https:\/\/ozbud.kopie.pro\/index.php\/2022\/07\/11\/grodzka9-efekt-koncowy\/' data-rel='slide-1' class='slide-image' title=''><img loading=\"lazy\" decoding=\"async\" width=\"495\" height=\"400\" src=\"https:\/\/ozbud.kopie.pro\/wp-content\/uploads\/2022\/07\/Grodzka9-10-495x400.jpg\" class=\"attachment-portfolio size-portfolio wp-post-image\" alt=\"\" srcset=\"https:\/\/ozbud.kopie.pro\/wp-content\/uploads\/2022\/07\/Grodzka9-10-495x400.jpg 495w, https:\/\/ozbud.kopie.pro\/wp-content\/uploads\/2022\/07\/Grodzka9-10-845x684.jpg 845w\" sizes=\"auto, (max-width: 495px) 100vw, 495px\" \/><\/a><div class='slide-content'><header class=\"entry-content-header\"><span class=\"blog-categories minor-meta\"><a href=\"https:\/\/ozbud.kopie.pro\/index.php\/category\/aktualnosci\/\" rel=\"tag\">Aktualno\u015bci<\/a> <\/span><h3 class='slide-entry-title entry-title'  itemprop=\"headline\" ><a href='https:\/\/ozbud.kopie.pro\/index.php\/2022\/07\/11\/grodzka9-efekt-koncowy\/' title='Efekt ko\u0144cowy prac przy ul. Grodzkiej 9'>Efekt ko\u0144cowy prac przy ul. Grodzkiej 9<\/a><\/h3><span class=\"av-vertical-delimiter\"><\/span><\/header><\/div><footer class=\"entry-footer\"><div class='slide-meta'><time class='slide-meta-time updated'  itemprop=\"datePublished\" datetime=\"2024-01-30T11:18:08+01:00\" >30 stycznia 2024<\/time><\/div><\/footer><span class='hidden'>\n\t\t\t<span class='av-structured-data'  itemprop=\"ImageObject\" itemscope=\"itemscope\" itemtype=\"https:\/\/schema.org\/ImageObject\"  itemprop='image'>\n\t\t\t\t\t   <span itemprop='url' >https:\/\/ozbud.kopie.pro\/wp-content\/uploads\/2022\/07\/Grodzka9-10.jpg<\/span>\n\t\t\t\t\t   <span itemprop='height' >1332<\/span>\n\t\t\t\t\t   <span itemprop='width' >2000<\/span>\n\t\t\t\t  <\/span><span class='av-structured-data'  itemprop=\"publisher\" itemtype=\"https:\/\/schema.org\/Organization\" itemscope=\"itemscope\" >\n\t\t\t\t<span itemprop='name'>- OZBUD<\/span>\n\t\t\t\t<span itemprop='logo' itemscope itemtype='http:\/\/schema.org\/ImageObject'>\n\t\t\t\t   <span itemprop='url'>https:\/\/ozbud.kopie.pro\/wp-content\/uploads\/2018\/02\/ozbud-logo-05.png<\/span>\n\t\t\t\t <\/span>\n\t\t\t  <\/span><span class='av-structured-data'  itemprop=\"author\" itemscope=\"itemscope\" itemtype=\"https:\/\/schema.org\/Person\" ><span itemprop='name'>- OZBUD<\/span><\/span><span class='av-structured-data'  itemprop=\"datePublished\" datetime=\"2020-07-02T15:56:48+02:00\" >2022-07-11 22:18:49<\/span><span class='av-structured-data'  itemprop=\"dateModified\" itemtype=\"https:\/\/schema.org\/dateModified\" >2022-07-11 22:34:08<\/span><span class='av-structured-data'  itemprop=\"mainEntityOfPage\" itemtype=\"https:\/\/schema.org\/mainEntityOfPage\" ><span itemprop='name'>Efekt ko\u0144cowy prac przy ul. Grodzkiej 9<\/span><\/span><\/span><\/article><article class='slide-entry flex_column  post-entry post-entry-2631 slide-entry-overview slide-loop-8 slide-parity-even  av_one_third  real-thumbnail'  itemscope=\"itemscope\" itemtype=\"https:\/\/schema.org\/BlogPosting\" itemprop=\"blogPost\" ><a href='https:\/\/ozbud.kopie.pro\/index.php\/2022\/03\/25\/rewitalizacja-istniejacych-obiektow-mmr\/' data-rel='slide-1' class='slide-image' title=''><img loading=\"lazy\" decoding=\"async\" width=\"495\" height=\"312\" src=\"https:\/\/ozbud.kopie.pro\/wp-content\/uploads\/2022\/02\/MMR-495x312.jpg\" class=\"attachment-portfolio size-portfolio wp-post-image\" alt=\"\" \/><\/a><div class='slide-content'><header class=\"entry-content-header\"><span class=\"blog-categories minor-meta\"><a href=\"https:\/\/ozbud.kopie.pro\/index.php\/category\/aktualnosci\/\" rel=\"tag\">Aktualno\u015bci<\/a> <\/span><h3 class='slide-entry-title entry-title'  itemprop=\"headline\" ><a href='https:\/\/ozbud.kopie.pro\/index.php\/2022\/03\/25\/rewitalizacja-istniejacych-obiektow-mmr\/' title='Rewitalizacja istniej\u0105cych obiekt\u00f3w - M\u0142yn Maria'>Rewitalizacja istniej\u0105cych obiekt\u00f3w - M\u0142yn Maria<\/a><\/h3><span class=\"av-vertical-delimiter\"><\/span><\/header><div class='slide-entry-excerpt entry-content'  itemprop=\"text\" >\r\nZapraszamy do lektury ciekawego artyku\u0142u na temat korzy\u015bci wynikaj\u0105cych z rewitalizacji istniej\u0105cych budynk\u00f3w.\r\n\r\n\r\n\r\n\r\nWierzymy, \u017ce przysz\u0142o\u015b\u0107 budownictwa we Wroc\u0142awiu przyniesie jeszcze wi\u0119cej rewitalizacji istniej\u0105cych obiekt\u00f3w\u2026<\/div><\/div><footer class=\"entry-footer\"><div class='slide-meta'><time class='slide-meta-time updated'  itemprop=\"datePublished\" datetime=\"2022-03-25T16:41:58+01:00\" >25 marca 2022<\/time><\/div><\/footer><span class='hidden'>\n\t\t\t<span class='av-structured-data'  itemprop=\"ImageObject\" itemscope=\"itemscope\" itemtype=\"https:\/\/schema.org\/ImageObject\"  itemprop='image'>\n\t\t\t\t\t   <span itemprop='url' >https:\/\/ozbud.kopie.pro\/wp-content\/uploads\/2022\/02\/MMR-e1667138650702.jpg<\/span>\n\t\t\t\t\t   <span itemprop='height' >311<\/span>\n\t\t\t\t\t   <span itemprop='width' >416<\/span>\n\t\t\t\t  <\/span><span class='av-structured-data'  itemprop=\"publisher\" itemtype=\"https:\/\/schema.org\/Organization\" itemscope=\"itemscope\" >\n\t\t\t\t<span itemprop='name'>- OZBUD<\/span>\n\t\t\t\t<span itemprop='logo' itemscope itemtype='http:\/\/schema.org\/ImageObject'>\n\t\t\t\t   <span itemprop='url'>https:\/\/ozbud.kopie.pro\/wp-content\/uploads\/2018\/02\/ozbud-logo-05.png<\/span>\n\t\t\t\t <\/span>\n\t\t\t  <\/span><span class='av-structured-data'  itemprop=\"author\" itemscope=\"itemscope\" itemtype=\"https:\/\/schema.org\/Person\" ><span itemprop='name'>- OZBUD<\/span><\/span><span class='av-structured-data'  itemprop=\"datePublished\" datetime=\"2020-07-02T15:56:48+02:00\" >2022-03-25 16:41:58<\/span><span class='av-structured-data'  itemprop=\"dateModified\" itemtype=\"https:\/\/schema.org\/dateModified\" >2022-10-30 15:21:23<\/span><span class='av-structured-data'  itemprop=\"mainEntityOfPage\" itemtype=\"https:\/\/schema.org\/mainEntityOfPage\" ><span itemprop='name'>Rewitalizacja istniej\u0105cych obiekt\u00f3w - M\u0142yn Maria<\/span><\/span><\/span><\/article><article class='slide-entry flex_column  post-entry post-entry-2620 slide-entry-overview slide-loop-9 slide-parity-odd  av_one_third  real-thumbnail'  itemscope=\"itemscope\" itemtype=\"https:\/\/schema.org\/BlogPosting\" itemprop=\"blogPost\" ><a href='https:\/\/ozbud.kopie.pro\/index.php\/2022\/03\/13\/rynek-48-rozpoczecie\/' data-rel='slide-1' class='slide-image' title=''><img loading=\"lazy\" decoding=\"async\" width=\"495\" height=\"400\" src=\"https:\/\/ozbud.kopie.pro\/wp-content\/uploads\/2022\/03\/Rynek-48_01-495x400.jpg\" class=\"attachment-portfolio size-portfolio wp-post-image\" alt=\"Rynek-48_01\" srcset=\"https:\/\/ozbud.kopie.pro\/wp-content\/uploads\/2022\/03\/Rynek-48_01-495x400.jpg 495w, https:\/\/ozbud.kopie.pro\/wp-content\/uploads\/2022\/03\/Rynek-48_01-845x684.jpg 845w\" sizes=\"auto, (max-width: 495px) 100vw, 495px\" \/><\/a><div class='slide-content'><header class=\"entry-content-header\"><span class=\"blog-categories minor-meta\"><a href=\"https:\/\/ozbud.kopie.pro\/index.php\/category\/aktualnosci\/\" rel=\"tag\">Aktualno\u015bci<\/a> <\/span><h3 class='slide-entry-title entry-title'  itemprop=\"headline\" ><a href='https:\/\/ozbud.kopie.pro\/index.php\/2022\/03\/13\/rynek-48-rozpoczecie\/' title='Rynek 48 - Rozpocz\u0119cie Prac'>Rynek 48 - Rozpocz\u0119cie Prac<\/a><\/h3><span class=\"av-vertical-delimiter\"><\/span><\/header><div class='slide-entry-excerpt entry-content'  itemprop=\"text\" >Rozpoczynamy prace remontowe Kamienicy Pod G\u0142ow\u0105 \u015bw. Jana we Wroc\u0142awiu zlokalizowanej na jednej z najstarszych zabudowanych we Wroc\u0142awiu parceli. Pierwsze \u015blady murowanych budowli pochodz\u0105 ju\u017c z XII wieku. Zapraszamy do zapoznania si\u0119\u2026<\/div><\/div><footer class=\"entry-footer\"><div class='slide-meta'><time class='slide-meta-time updated'  itemprop=\"datePublished\" datetime=\"2022-03-13T10:53:23+01:00\" >13 marca 2022<\/time><\/div><\/footer><span class='hidden'>\n\t\t\t<span class='av-structured-data'  itemprop=\"ImageObject\" itemscope=\"itemscope\" itemtype=\"https:\/\/schema.org\/ImageObject\"  itemprop='image'>\n\t\t\t\t\t   <span itemprop='url' >https:\/\/ozbud.kopie.pro\/wp-content\/uploads\/2022\/03\/Rynek-48_01.jpg<\/span>\n\t\t\t\t\t   <span itemprop='height' >1332<\/span>\n\t\t\t\t\t   <span itemprop='width' >2000<\/span>\n\t\t\t\t  <\/span><span class='av-structured-data'  itemprop=\"publisher\" itemtype=\"https:\/\/schema.org\/Organization\" itemscope=\"itemscope\" >\n\t\t\t\t<span itemprop='name'>- OZBUD<\/span>\n\t\t\t\t<span itemprop='logo' itemscope itemtype='http:\/\/schema.org\/ImageObject'>\n\t\t\t\t   <span itemprop='url'>https:\/\/ozbud.kopie.pro\/wp-content\/uploads\/2018\/02\/ozbud-logo-05.png<\/span>\n\t\t\t\t <\/span>\n\t\t\t  <\/span><span class='av-structured-data'  itemprop=\"author\" itemscope=\"itemscope\" itemtype=\"https:\/\/schema.org\/Person\" ><span itemprop='name'>- OZBUD<\/span><\/span><span class='av-structured-data'  itemprop=\"datePublished\" datetime=\"2020-07-02T15:56:48+02:00\" >2022-03-13 10:53:23<\/span><span class='av-structured-data'  itemprop=\"dateModified\" itemtype=\"https:\/\/schema.org\/dateModified\" >2022-03-20 10:55:24<\/span><span class='av-structured-data'  itemprop=\"mainEntityOfPage\" itemtype=\"https:\/\/schema.org\/mainEntityOfPage\" ><span itemprop='name'>Rynek 48 - Rozpocz\u0119cie Prac<\/span><\/span><\/span><\/article><\/div><div class='slide-entry-wrap'><article class='slide-entry flex_column  post-entry post-entry-2593 slide-entry-overview slide-loop-10 slide-parity-odd  av_one_third first real-thumbnail'  itemscope=\"itemscope\" itemtype=\"https:\/\/schema.org\/BlogPosting\" itemprop=\"blogPost\" ><a href='https:\/\/ozbud.kopie.pro\/index.php\/2020\/12\/01\/kooperatywa-zakonczenie-prac\/' data-rel='slide-1' class='slide-image' title=''><img loading=\"lazy\" decoding=\"async\" width=\"495\" height=\"400\" src=\"https:\/\/ozbud.kopie.pro\/wp-content\/uploads\/2021\/01\/201201_Kooperatywa_Nowe_Zerniki-1-495x400.jpg\" class=\"attachment-portfolio size-portfolio wp-post-image\" alt=\"201201_Kooperatywa_Nowe_Zerniki-1.jpg\" srcset=\"https:\/\/ozbud.kopie.pro\/wp-content\/uploads\/2021\/01\/201201_Kooperatywa_Nowe_Zerniki-1-495x400.jpg 495w, https:\/\/ozbud.kopie.pro\/wp-content\/uploads\/2021\/01\/201201_Kooperatywa_Nowe_Zerniki-1-845x684.jpg 845w\" sizes=\"auto, (max-width: 495px) 100vw, 495px\" \/><\/a><div class='slide-content'><header class=\"entry-content-header\"><span class=\"blog-categories minor-meta\"><a href=\"https:\/\/ozbud.kopie.pro\/index.php\/category\/aktualnosci\/\" rel=\"tag\">Aktualno\u015bci<\/a> <\/span><h3 class='slide-entry-title entry-title'  itemprop=\"headline\" ><a href='https:\/\/ozbud.kopie.pro\/index.php\/2020\/12\/01\/kooperatywa-zakonczenie-prac\/' title='Kooperatywa | Zako\u0144czenie Prac'>Kooperatywa | Zako\u0144czenie Prac<\/a><\/h3><span class=\"av-vertical-delimiter\"><\/span><\/header><div class='slide-entry-excerpt entry-content'  itemprop=\"text\" >Na modelowym osiedlu \"Nowe-\u017berniki\" zako\u0144czyli\u015bmy prace budowlane dla Kooperatywy Mieszkaniowej. Nowoczesny budynek o Architekturze czerpi\u0105cej stylem oraz oszcz\u0119dno\u015bci\u0105 ekspresji z istniej\u0105cych ju\u017c budynk\u00f3w w ramach zabudowy osiedla.\u2026<\/div><\/div><footer class=\"entry-footer\"><div class='slide-meta'><time class='slide-meta-time updated'  itemprop=\"datePublished\" datetime=\"2020-12-01T12:09:39+01:00\" >1 grudnia 2020<\/time><\/div><\/footer><span class='hidden'>\n\t\t\t<span class='av-structured-data'  itemprop=\"ImageObject\" itemscope=\"itemscope\" itemtype=\"https:\/\/schema.org\/ImageObject\"  itemprop='image'>\n\t\t\t\t\t   <span itemprop='url' >https:\/\/ozbud.kopie.pro\/wp-content\/uploads\/2021\/01\/201201_Kooperatywa_Nowe_Zerniki-1.jpg<\/span>\n\t\t\t\t\t   <span itemprop='height' >1125<\/span>\n\t\t\t\t\t   <span itemprop='width' >2000<\/span>\n\t\t\t\t  <\/span><span class='av-structured-data'  itemprop=\"publisher\" itemtype=\"https:\/\/schema.org\/Organization\" itemscope=\"itemscope\" >\n\t\t\t\t<span itemprop='name'>- OZBUD<\/span>\n\t\t\t\t<span itemprop='logo' itemscope itemtype='http:\/\/schema.org\/ImageObject'>\n\t\t\t\t   <span itemprop='url'>https:\/\/ozbud.kopie.pro\/wp-content\/uploads\/2018\/02\/ozbud-logo-05.png<\/span>\n\t\t\t\t <\/span>\n\t\t\t  <\/span><span class='av-structured-data'  itemprop=\"author\" itemscope=\"itemscope\" itemtype=\"https:\/\/schema.org\/Person\" ><span itemprop='name'>- OZBUD<\/span><\/span><span class='av-structured-data'  itemprop=\"datePublished\" datetime=\"2020-07-02T15:56:48+02:00\" >2020-12-01 12:09:39<\/span><span class='av-structured-data'  itemprop=\"dateModified\" itemtype=\"https:\/\/schema.org\/dateModified\" >2021-01-18 13:13:02<\/span><span class='av-structured-data'  itemprop=\"mainEntityOfPage\" itemtype=\"https:\/\/schema.org\/mainEntityOfPage\" ><span itemprop='name'>Kooperatywa | Zako\u0144czenie Prac<\/span><\/span><\/span><\/article><article class='slide-entry flex_column  post-entry post-entry-2583 slide-entry-overview slide-loop-11 slide-parity-even  av_one_third  real-thumbnail'  itemscope=\"itemscope\" itemtype=\"https:\/\/schema.org\/BlogPosting\" itemprop=\"blogPost\" ><a href='https:\/\/ozbud.kopie.pro\/index.php\/2020\/11\/25\/grodzka9-remont-obektu-historycznego\/' data-rel='slide-1' class='slide-image' title=''><img loading=\"lazy\" decoding=\"async\" width=\"495\" height=\"400\" src=\"https:\/\/ozbud.kopie.pro\/wp-content\/uploads\/2020\/11\/201125_Grodzka9-6-495x400.jpg\" class=\"attachment-portfolio size-portfolio wp-post-image\" alt=\"201125_Grodzka9-6.jpg\" srcset=\"https:\/\/ozbud.kopie.pro\/wp-content\/uploads\/2020\/11\/201125_Grodzka9-6-495x400.jpg 495w, https:\/\/ozbud.kopie.pro\/wp-content\/uploads\/2020\/11\/201125_Grodzka9-6-845x684.jpg 845w\" sizes=\"auto, (max-width: 495px) 100vw, 495px\" \/><\/a><div class='slide-content'><header class=\"entry-content-header\"><span class=\"blog-categories minor-meta\"><a href=\"https:\/\/ozbud.kopie.pro\/index.php\/category\/aktualnosci\/\" rel=\"tag\">Aktualno\u015bci<\/a> <\/span><h3 class='slide-entry-title entry-title'  itemprop=\"headline\" ><a href='https:\/\/ozbud.kopie.pro\/index.php\/2020\/11\/25\/grodzka9-remont-obektu-historycznego\/' title='Grodzka 9 | Prace Rozbi\u00f3rkowe'>Grodzka 9 | Prace Rozbi\u00f3rkowe<\/a><\/h3><span class=\"av-vertical-delimiter\"><\/span><\/header><div class='slide-entry-excerpt entry-content'  itemprop=\"text\" >Po realizacji prac Stanu Surowego M\u0142ynu Maria przyszed\u0142 dla nas czas na nast\u0119pne ambitne wyzwanie w \u015bcis\u0142ym centrum Wroc\u0142awia. Budynek przy ulicy Grodzkiej 9 we Wroc\u0142awiu ju\u017c od jakiego\u015b czasu pilnie prosi\u0142 si\u0119 o remont. Opustosza\u0142y\u2026<\/div><\/div><footer class=\"entry-footer\"><div class='slide-meta'><time class='slide-meta-time updated'  itemprop=\"datePublished\" datetime=\"2020-11-25T11:28:20+01:00\" >25 listopada 2020<\/time><\/div><\/footer><span class='hidden'>\n\t\t\t<span class='av-structured-data'  itemprop=\"ImageObject\" itemscope=\"itemscope\" itemtype=\"https:\/\/schema.org\/ImageObject\"  itemprop='image'>\n\t\t\t\t\t   <span itemprop='url' >https:\/\/ozbud.kopie.pro\/wp-content\/uploads\/2020\/11\/201125_Grodzka9-6.jpg<\/span>\n\t\t\t\t\t   <span itemprop='height' >1498<\/span>\n\t\t\t\t\t   <span itemprop='width' >2000<\/span>\n\t\t\t\t  <\/span><span class='av-structured-data'  itemprop=\"publisher\" itemtype=\"https:\/\/schema.org\/Organization\" itemscope=\"itemscope\" >\n\t\t\t\t<span itemprop='name'>- OZBUD<\/span>\n\t\t\t\t<span itemprop='logo' itemscope itemtype='http:\/\/schema.org\/ImageObject'>\n\t\t\t\t   <span itemprop='url'>https:\/\/ozbud.kopie.pro\/wp-content\/uploads\/2018\/02\/ozbud-logo-05.png<\/span>\n\t\t\t\t <\/span>\n\t\t\t  <\/span><span class='av-structured-data'  itemprop=\"author\" itemscope=\"itemscope\" itemtype=\"https:\/\/schema.org\/Person\" ><span itemprop='name'>- OZBUD<\/span><\/span><span class='av-structured-data'  itemprop=\"datePublished\" datetime=\"2020-07-02T15:56:48+02:00\" >2020-11-25 11:28:20<\/span><span class='av-structured-data'  itemprop=\"dateModified\" itemtype=\"https:\/\/schema.org\/dateModified\" >2021-01-18 11:58:39<\/span><span class='av-structured-data'  itemprop=\"mainEntityOfPage\" itemtype=\"https:\/\/schema.org\/mainEntityOfPage\" ><span itemprop='name'>Grodzka 9 | Prace Rozbi\u00f3rkowe<\/span><\/span><\/span><\/article><article class='slide-entry flex_column  post-entry post-entry-2573 slide-entry-overview slide-loop-12 slide-parity-odd  post-entry-last  av_one_third  real-thumbnail'  itemscope=\"itemscope\" itemtype=\"https:\/\/schema.org\/BlogPosting\" itemprop=\"blogPost\" ><a href='https:\/\/ozbud.kopie.pro\/index.php\/2020\/07\/02\/dozamel-postep-prac\/' data-rel='slide-1' class='slide-image' title=''><img loading=\"lazy\" decoding=\"async\" width=\"495\" height=\"400\" src=\"https:\/\/ozbud.kopie.pro\/wp-content\/uploads\/2020\/07\/dozamel-hala-c1-b1_4-495x400.jpg\" class=\"attachment-portfolio size-portfolio wp-post-image\" alt=\"\" srcset=\"https:\/\/ozbud.kopie.pro\/wp-content\/uploads\/2020\/07\/dozamel-hala-c1-b1_4-495x400.jpg 495w, https:\/\/ozbud.kopie.pro\/wp-content\/uploads\/2020\/07\/dozamel-hala-c1-b1_4-845x684.jpg 845w\" sizes=\"auto, (max-width: 495px) 100vw, 495px\" \/><\/a><div class='slide-content'><header class=\"entry-content-header\"><span class=\"blog-categories minor-meta\"><a href=\"https:\/\/ozbud.kopie.pro\/index.php\/category\/aktualnosci\/\" rel=\"tag\">Aktualno\u015bci<\/a> <\/span><h3 class='slide-entry-title entry-title'  itemprop=\"headline\" ><a href='https:\/\/ozbud.kopie.pro\/index.php\/2020\/07\/02\/dozamel-postep-prac\/' title='Dozamel - Post\u0119p Prac'>Dozamel - Post\u0119p Prac<\/a><\/h3><span class=\"av-vertical-delimiter\"><\/span><\/header><div class='slide-entry-excerpt entry-content'  itemprop=\"text\" >Termomodernizacja hal przemys\u0142owych B1 oraz C1, kt\u00f3rego inwestorem jest Dozamel Sp. z o.o. przebiega zgodnie z planem. Hale zlokalizowane na terenie Wroc\u0142awskiego Parku Przemys\u0142owego, uj\u0119te s\u0105 w gminnej ewidencji zabytk\u00f3w. Budynek C1\u2026<\/div><\/div><footer class=\"entry-footer\"><div class='slide-meta'><time class='slide-meta-time updated'  itemprop=\"datePublished\" datetime=\"2020-07-02T15:56:48+02:00\" >2 lipca 2020<\/time><\/div><\/footer><span class='hidden'>\n\t\t\t<span class='av-structured-data'  itemprop=\"ImageObject\" itemscope=\"itemscope\" itemtype=\"https:\/\/schema.org\/ImageObject\"  itemprop='image'>\n\t\t\t\t\t   <span itemprop='url' >https:\/\/ozbud.kopie.pro\/wp-content\/uploads\/2020\/07\/dozamel-hala-c1-b1_4.jpg<\/span>\n\t\t\t\t\t   <span itemprop='height' >1199<\/span>\n\t\t\t\t\t   <span itemprop='width' >1600<\/span>\n\t\t\t\t  <\/span><span class='av-structured-data'  itemprop=\"publisher\" itemtype=\"https:\/\/schema.org\/Organization\" itemscope=\"itemscope\" >\n\t\t\t\t<span itemprop='name'>- OZBUD<\/span>\n\t\t\t\t<span itemprop='logo' itemscope itemtype='http:\/\/schema.org\/ImageObject'>\n\t\t\t\t   <span itemprop='url'>https:\/\/ozbud.kopie.pro\/wp-content\/uploads\/2018\/02\/ozbud-logo-05.png<\/span>\n\t\t\t\t <\/span>\n\t\t\t  <\/span><span class='av-structured-data'  itemprop=\"author\" itemscope=\"itemscope\" itemtype=\"https:\/\/schema.org\/Person\" ><span itemprop='name'>- OZBUD<\/span><\/span><span class='av-structured-data'  itemprop=\"datePublished\" datetime=\"2020-07-02T15:56:48+02:00\" >2020-07-02 15:56:48<\/span><span class='av-structured-data'  itemprop=\"dateModified\" itemtype=\"https:\/\/schema.org\/dateModified\" >2020-07-02 15:56:48<\/span><span class='av-structured-data'  itemprop=\"mainEntityOfPage\" itemtype=\"https:\/\/schema.org\/mainEntityOfPage\" ><span itemprop='name'>Dozamel - Post\u0119p Prac<\/span><\/span><\/span><\/article><\/div><\/div><div class='pagination-wrap pagination-slider'><nav class='pagination'><span class='pagination-meta'>Strona 1 z 3<\/span><span class='current'>1<\/span><a href='https:\/\/ozbud.kopie.pro\/index.php\/wp-json\/wp\/v2\/pages\/212\/page\/2\/' class='inactive' >2<\/a><a href='https:\/\/ozbud.kopie.pro\/index.php\/wp-json\/wp\/v2\/pages\/212\/page\/3\/' class='inactive' >3<\/a><\/nav>\n<\/div><\/div>\n","protected":false},"excerpt":{"rendered":"","protected":false},"author":1,"featured_media":0,"parent":0,"menu_order":0,"comment_status":"closed","ping_status":"closed","template":"","meta":{"footnotes":""},"yst_prominent_words":[124,127,186,130,182,188,185,75,138,187,189,131,76,116,128,129,125,183,181,126],"class_list":["post-212","page","type-page","status-publish","hentry"],"_links":{"self":[{"href":"https:\/\/ozbud.kopie.pro\/index.php\/wp-json\/wp\/v2\/pages\/212","targetHints":{"allow":["GET"]}}],"collection":[{"href":"https:\/\/ozbud.kopie.pro\/index.php\/wp-json\/wp\/v2\/pages"}],"about":[{"href":"https:\/\/ozbud.kopie.pro\/index.php\/wp-json\/wp\/v2\/types\/page"}],"author":[{"embeddable":true,"href":"https:\/\/ozbud.kopie.pro\/index.php\/wp-json\/wp\/v2\/users\/1"}],"replies":[{"embeddable":true,"href":"https:\/\/ozbud.kopie.pro\/index.php\/wp-json\/wp\/v2\/comments?post=212"}],"version-history":[{"count":7,"href":"https:\/\/ozbud.kopie.pro\/index.php\/wp-json\/wp\/v2\/pages\/212\/revisions"}],"predecessor-version":[{"id":2817,"href":"https:\/\/ozbud.kopie.pro\/index.php\/wp-json\/wp\/v2\/pages\/212\/revisions\/2817"}],"wp:attachment":[{"href":"https:\/\/ozbud.kopie.pro\/index.php\/wp-json\/wp\/v2\/media?parent=212"}],"wp:term":[{"taxonomy":"yst_prominent_words","embeddable":true,"href":"https:\/\/ozbud.kopie.pro\/index.php\/wp-json\/wp\/v2\/yst_prominent_words?post=212"}],"curies":[{"name":"wp","href":"https:\/\/api.w.org\/{rel}","templated":true}]}}