{"id":349,"date":"2018-03-01T10:30:38","date_gmt":"2018-03-01T09:30:38","guid":{"rendered":"https:\/\/ozbud.kopie.pro\/?page_id=349"},"modified":"2019-02-08T14:16:20","modified_gmt":"2019-02-08T13:16:20","slug":"obiekty-uzytecznosci-publicznej","status":"publish","type":"page","link":"https:\/\/ozbud.kopie.pro\/index.php\/obiekty-uzytecznosci-publicznej\/","title":{"rendered":"Obiekty u\u017cyteczno\u015bci publicznej"},"content":{"rendered":"<\/div><\/div><\/div><!-- close content main div --><\/div><\/div><div id='av_section_1' class='avia-section main_color avia-section-large avia-no-border-styling avia-full-stretch av-section-color-overlay-active avia-bg-style-scroll   container_wrap fullsize' style = 'background-repeat: no-repeat; background-image: url(https:\/\/ozbud.kopie.pro\/wp-content\/uploads\/2018\/05\/christian-perner-91905-unsplash.jpg); background-attachment: scroll; background-position: center center; ' data-section-bg-repeat='stretch' ><div class='av-section-color-overlay-wrap'><div class='av-section-color-overlay' style='opacity: 0.5; background-color: #00345b; '><\/div><div class='container' ><div class='template-page content  av-content-full alpha units'><div class='post-entry post-entry-type-page post-entry-349'><div class='entry-content-wrapper clearfix'>\n<div style='padding-bottom:0px;color:#ffffff;font-size:30px;' class='av-special-heading av-special-heading-h3 custom-color-heading blockquote modern-quote modern-centered  av-thin-font av-inherit-size '><h3 class='av-special-heading-tag '  itemprop=\"headline\"  ><strong>OBIEKTY U\u017bYTECZNO\u015aCI PUBLICZNEJ<\/strong><\/h3><div class='special-heading-border'><div class='special-heading-inner-border' style='border-color:#ffffff'><\/div><\/div><\/div>\n\n<\/div><\/div><\/div><!-- close content main div --><\/div><\/div><\/div><div id='av_section_2' class='avia-section main_color avia-section-default avia-no-shadow avia-bg-style-scroll   container_wrap fullsize'   ><div class='container' ><div class='template-page content  av-content-full alpha units'><div class='post-entry post-entry-type-page post-entry-349'><div class='entry-content-wrapper clearfix'>\n<div style='padding-bottom:0px;font-size:20px;' class='av-special-heading av-special-heading-h3  blockquote modern-quote modern-centered  av-thin-font av-inherit-size '><h3 class='av-special-heading-tag '  itemprop=\"headline\"  ><strong>Zobacz nasze realizacje w obszarze obiekt\u00f3w u\u017cyteczno\u015bci publicznej<\/strong><\/h3><div class='special-heading-border'><div class='special-heading-inner-border' ><\/div><\/div><\/div>\n\n<div id='av-masonry-1' class='av-masonry  noHover av-fixed-size av-1px-gap av-hover-overlay- av-masonry-col-4 av-caption-on-hover av-caption-style-    '  ><div class='av-masonry-container isotope av-js-disabled ' ><div class='av-masonry-entry isotope-item av-masonry-item-no-image '><\/div><a href=\"https:\/\/ozbud.kopie.pro\/index.php\/realizacje\/budowa-przedszkola-okulickiego\/\" id='av-masonry-1-item-2541' data-av-masonry-item='2541' class='av-masonry-entry isotope-item post-2541 portfolio type-portfolio status-publish has-post-thumbnail hentry portfolio_entries-obiekty-uzytecznosci-publicznej  av-masonry-item-with-image av-grid-img' title=\"Budowa Przedszkola przy ul. Leopolda Okulickiego\"  itemscope=\"itemscope\" itemtype=\"https:\/\/schema.org\/CreativeWork\" ><div class='av-inner-masonry-sizer'><\/div><figure class='av-inner-masonry main_color'><div class=\"av-masonry-outerimage-container\"><div class=\"av-masonry-image-container\" style=\"background-image: url(https:\/\/ozbud.kopie.pro\/wp-content\/uploads\/2020\/02\/przedszkole-ul.Okulickiego_zaprojektuj-i-wybuduj_1-705x470.jpg);\"><img decoding=\"async\" src=\"https:\/\/ozbud.kopie.pro\/wp-content\/uploads\/2020\/02\/przedszkole-ul.Okulickiego_zaprojektuj-i-wybuduj_1-705x470.jpg\" title=\"przedszkole-ul.Okulickiego_zaprojektuj-i-wybuduj_1\" alt=\"przedszkole-ul.Okulickiego_zaprojektuj-i-wybuduj_1\" \/><\/div><\/div><figcaption class='av-inner-masonry-content site-background'><div class='av-inner-masonry-content-pos'><div class='av-inner-masonry-content-pos-content'><div class='avia-arrow'><\/div><h3 class='av-masonry-entry-title entry-title'  itemprop=\"headline\" >Budowa Przedszkola przy ul. Leopolda Okulickiego<\/h3><\/div><\/div><\/figcaption><\/figure><\/a><!--end av-masonry entry--><a href=\"https:\/\/ozbud.kopie.pro\/index.php\/realizacje\/przebudowa-zabytkowego-kosciola\/\" id='av-masonry-1-item-2184' data-av-masonry-item='2184' class='av-masonry-entry isotope-item post-2184 portfolio type-portfolio status-publish has-post-thumbnail hentry portfolio_entries-obiekty-uzytecznosci-publicznej portfolio_entries-remonty-i-renowacje portfolio_entries-roboty-dekarskie  av-masonry-item-with-image av-grid-img' title=\"Przebudowa Ko\u015bcio\u0142a poewangelickiego w Zawoni\"  itemscope=\"itemscope\" itemtype=\"https:\/\/schema.org\/CreativeWork\" ><div class='av-inner-masonry-sizer'><\/div><figure class='av-inner-masonry main_color'><div class=\"av-masonry-outerimage-container\"><div class=\"av-masonry-image-container\" style=\"background-image: url(https:\/\/ozbud.kopie.pro\/wp-content\/uploads\/2018\/10\/remont-kosciola-zawonia-6-705x567.jpg);\"><img decoding=\"async\" src=\"https:\/\/ozbud.kopie.pro\/wp-content\/uploads\/2018\/10\/remont-kosciola-zawonia-6-705x567.jpg\" title=\"remont-kosciola-zawonia-6\" alt=\"remont-kosciola-zawonia-6\" \/><\/div><\/div><figcaption class='av-inner-masonry-content site-background'><div class='av-inner-masonry-content-pos'><div class='av-inner-masonry-content-pos-content'><div class='avia-arrow'><\/div><h3 class='av-masonry-entry-title entry-title'  itemprop=\"headline\" >Przebudowa Ko\u015bcio\u0142a poewangelickiego w Zawoni<\/h3><\/div><\/div><\/figcaption><\/figure><\/a><!--end av-masonry entry--><a href=\"https:\/\/ozbud.kopie.pro\/index.php\/realizacje\/przebudowa-iw-uwr\/\" id='av-masonry-1-item-2192' data-av-masonry-item='2192' class='av-masonry-entry isotope-item post-2192 portfolio type-portfolio status-publish has-post-thumbnail hentry portfolio_entries-obiekty-uzytecznosci-publicznej portfolio_entries-remonty-i-renowacje  av-masonry-item-with-image av-grid-img' title=\"Przebudowa budynku Instytutu Weterynarii wraz z dostosowaniem do wymog\u00f3w ppo\u017c\"  itemscope=\"itemscope\" itemtype=\"https:\/\/schema.org\/CreativeWork\" ><div class='av-inner-masonry-sizer'><\/div><figure class='av-inner-masonry main_color'><div class=\"av-masonry-outerimage-container\"><div class=\"av-masonry-image-container\" style=\"background-image: url(https:\/\/ozbud.kopie.pro\/wp-content\/uploads\/2018\/05\/uniwersytet-przydodniczy_norwida-7001-705x528.jpg);\"><img decoding=\"async\" src=\"https:\/\/ozbud.kopie.pro\/wp-content\/uploads\/2018\/05\/uniwersytet-przydodniczy_norwida-7001-705x528.jpg\" title=\"uniwersytet-przydodniczy_norwida-7001\" alt=\"\" \/><\/div><\/div><figcaption class='av-inner-masonry-content site-background'><div class='av-inner-masonry-content-pos'><div class='av-inner-masonry-content-pos-content'><div class='avia-arrow'><\/div><h3 class='av-masonry-entry-title entry-title'  itemprop=\"headline\" >Przebudowa budynku Instytutu Weterynarii wraz z dostosowaniem do wymog\u00f3w ppo\u017c<\/h3><\/div><\/div><\/figcaption><\/figure><\/a><!--end av-masonry entry--><a href=\"https:\/\/ozbud.kopie.pro\/index.php\/realizacje\/kamienica-wlodkowica\/\" id='av-masonry-1-item-1432' data-av-masonry-item='1432' class='av-masonry-entry isotope-item post-1432 portfolio type-portfolio status-publish has-post-thumbnail hentry portfolio_entries-budownictwo-mieszkaniowe portfolio_entries-obiekty-uzytecznosci-publicznej portfolio_entries-remonty-i-renowacje  av-masonry-item-with-image av-grid-img' title=\"Budynek Mieszkalno-Biurowy\"  itemscope=\"itemscope\" itemtype=\"https:\/\/schema.org\/CreativeWork\" ><div class='av-inner-masonry-sizer'><\/div><figure class='av-inner-masonry main_color'><div class=\"av-masonry-outerimage-container\"><div class=\"av-masonry-image-container\" style=\"background-image: url(https:\/\/ozbud.kopie.pro\/wp-content\/uploads\/2018\/05\/remont-hotel-w\u0142odkowica-1-705x528.jpg);\"><img decoding=\"async\" src=\"https:\/\/ozbud.kopie.pro\/wp-content\/uploads\/2018\/05\/remont-hotel-w\u0142odkowica-1-705x528.jpg\" title=\"remont-hotel-w\u0142odkowica (1)\" alt=\"\" \/><\/div><\/div><figcaption class='av-inner-masonry-content site-background'><div class='av-inner-masonry-content-pos'><div class='av-inner-masonry-content-pos-content'><div class='avia-arrow'><\/div><h3 class='av-masonry-entry-title entry-title'  itemprop=\"headline\" >Budynek Mieszkalno-Biurowy<\/h3><\/div><\/div><\/figcaption><\/figure><\/a><!--end av-masonry entry--><a href=\"https:\/\/ozbud.kopie.pro\/index.php\/realizacje\/biblioteka-pwr\/\" id='av-masonry-1-item-509' data-av-masonry-item='509' class='av-masonry-entry isotope-item post-509 portfolio type-portfolio status-publish has-post-thumbnail hentry portfolio_entries-obiekty-uzytecznosci-publicznej  av-masonry-item-with-image av-grid-img' title=\"Biblioteka PWr\"  itemscope=\"itemscope\" itemtype=\"https:\/\/schema.org\/CreativeWork\" ><div class='av-inner-masonry-sizer'><\/div><figure class='av-inner-masonry main_color'><div class=\"av-masonry-outerimage-container\"><div class=\"av-masonry-image-container\" style=\"background-image: url(https:\/\/ozbud.kopie.pro\/wp-content\/uploads\/2018\/03\/ozbud-biblioteka-pwr-01-705x470.jpg);\"><img decoding=\"async\" src=\"https:\/\/ozbud.kopie.pro\/wp-content\/uploads\/2018\/03\/ozbud-biblioteka-pwr-01-705x470.jpg\" title=\"ozbud-biblioteka-pwr-01\" alt=\"\" \/><\/div><\/div><figcaption class='av-inner-masonry-content site-background'><div class='av-inner-masonry-content-pos'><div class='av-inner-masonry-content-pos-content'><div class='avia-arrow'><\/div><h3 class='av-masonry-entry-title entry-title'  itemprop=\"headline\" >Biblioteka PWr<\/h3><\/div><\/div><\/figcaption><\/figure><\/a><!--end av-masonry entry--><a href=\"https:\/\/ozbud.kopie.pro\/index.php\/realizacje\/gospoda-8-ryb\/\" id='av-masonry-1-item-453' data-av-masonry-item='453' class='av-masonry-entry isotope-item post-453 portfolio type-portfolio status-publish has-post-thumbnail hentry portfolio_entries-obiekty-uzytecznosci-publicznej  av-masonry-item-with-image av-grid-img' title=\"Gospoda \u201c8 ryb\u201d\"  itemscope=\"itemscope\" itemtype=\"https:\/\/schema.org\/CreativeWork\" ><div class='av-inner-masonry-sizer'><\/div><figure class='av-inner-masonry main_color'><div class=\"av-masonry-outerimage-container\"><div class=\"av-masonry-image-container\" style=\"background-image: url(https:\/\/ozbud.kopie.pro\/wp-content\/uploads\/2018\/03\/8-ryb-01-705x470.jpg);\"><img decoding=\"async\" src=\"https:\/\/ozbud.kopie.pro\/wp-content\/uploads\/2018\/03\/8-ryb-01-705x470.jpg\" title=\"8-ryb-01\" alt=\"\" \/><\/div><\/div><figcaption class='av-inner-masonry-content site-background'><div class='av-inner-masonry-content-pos'><div class='av-inner-masonry-content-pos-content'><div class='avia-arrow'><\/div><h3 class='av-masonry-entry-title entry-title'  itemprop=\"headline\" >Gospoda \u201c8 ryb\u201d<\/h3><\/div><\/div><\/figcaption><\/figure><\/a><!--end av-masonry entry--><a href=\"https:\/\/ozbud.kopie.pro\/index.php\/realizacje\/fabryka-cukru-atm\/\" id='av-masonry-1-item-1775' data-av-masonry-item='1775' class='av-masonry-entry isotope-item post-1775 portfolio type-portfolio status-publish has-post-thumbnail hentry portfolio_entries-budownictwo-przemyslowe portfolio_entries-obiekty-uzytecznosci-publicznej portfolio_entries-remonty-i-renowacje  av-masonry-item-with-image av-grid-img' title=\"Fabryka Cukru\"  itemscope=\"itemscope\" itemtype=\"https:\/\/schema.org\/CreativeWork\" ><div class='av-inner-masonry-sizer'><\/div><figure class='av-inner-masonry main_color'><div class=\"av-masonry-outerimage-container\"><div class=\"av-masonry-image-container\" style=\"background-image: url(https:\/\/ozbud.kopie.pro\/wp-content\/uploads\/2018\/05\/budynek-przemyslowy-fabryka-cukru-0016-705x528.jpg);\"><img decoding=\"async\" src=\"https:\/\/ozbud.kopie.pro\/wp-content\/uploads\/2018\/05\/budynek-przemyslowy-fabryka-cukru-0016-705x528.jpg\" title=\"budynek-przemyslowy-fabryka-cukru-0016\" alt=\"\" \/><\/div><\/div><figcaption class='av-inner-masonry-content site-background'><div class='av-inner-masonry-content-pos'><div class='av-inner-masonry-content-pos-content'><div class='avia-arrow'><\/div><h3 class='av-masonry-entry-title entry-title'  itemprop=\"headline\" >Fabryka Cukru<\/h3><\/div><\/div><\/figcaption><\/figure><\/a><!--end av-masonry entry--><a href=\"https:\/\/ozbud.kopie.pro\/index.php\/realizacje\/szkola-wroclaw\/\" id='av-masonry-1-item-1080' data-av-masonry-item='1080' class='av-masonry-entry isotope-item post-1080 portfolio type-portfolio status-publish has-post-thumbnail hentry portfolio_entries-obiekty-uzytecznosci-publicznej  av-masonry-item-with-image av-grid-img' title=\"Szko\u0142a we Wroclawiu\"  itemscope=\"itemscope\" itemtype=\"https:\/\/schema.org\/CreativeWork\" ><div class='av-inner-masonry-sizer'><\/div><figure class='av-inner-masonry main_color'><div class=\"av-masonry-outerimage-container\"><div class=\"av-masonry-image-container\" style=\"background-image: url(https:\/\/ozbud.kopie.pro\/wp-content\/uploads\/2018\/03\/001-3-705x470.jpg);\"><img decoding=\"async\" src=\"https:\/\/ozbud.kopie.pro\/wp-content\/uploads\/2018\/03\/001-3-705x470.jpg\" title=\"001\" alt=\"\" \/><\/div><\/div><figcaption class='av-inner-masonry-content site-background'><div class='av-inner-masonry-content-pos'><div class='av-inner-masonry-content-pos-content'><div class='avia-arrow'><\/div><h3 class='av-masonry-entry-title entry-title'  itemprop=\"headline\" >Szko\u0142a we Wroclawiu<\/h3><\/div><\/div><\/figcaption><\/figure><\/a><!--end av-masonry entry--><a href=\"https:\/\/ozbud.kopie.pro\/index.php\/realizacje\/szkola-kamienskiego\/\" id='av-masonry-1-item-1042' data-av-masonry-item='1042' class='av-masonry-entry isotope-item post-1042 portfolio type-portfolio status-publish has-post-thumbnail hentry portfolio_entries-obiekty-uzytecznosci-publicznej  av-masonry-item-with-image av-grid-img' title=\"Szko\u0142a przy ul. Kamie\u0144skiego\"  itemscope=\"itemscope\" itemtype=\"https:\/\/schema.org\/CreativeWork\" ><div class='av-inner-masonry-sizer'><\/div><figure class='av-inner-masonry main_color'><div class=\"av-masonry-outerimage-container\"><div class=\"av-masonry-image-container\" style=\"background-image: url(https:\/\/ozbud.kopie.pro\/wp-content\/uploads\/2018\/03\/001-2-705x469.jpg);\"><img decoding=\"async\" src=\"https:\/\/ozbud.kopie.pro\/wp-content\/uploads\/2018\/03\/001-2-705x469.jpg\" title=\"001\" alt=\"\" \/><\/div><\/div><figcaption class='av-inner-masonry-content site-background'><div class='av-inner-masonry-content-pos'><div class='av-inner-masonry-content-pos-content'><div class='avia-arrow'><\/div><h3 class='av-masonry-entry-title entry-title'  itemprop=\"headline\" >Szko\u0142a przy ul. Kamie\u0144skiego<\/h3><\/div><\/div><\/figcaption><\/figure><\/a><!--end av-masonry entry--><a href=\"https:\/\/ozbud.kopie.pro\/index.php\/realizacje\/osrodek-wspolpracy-europejskiej\/\" id='av-masonry-1-item-1071' data-av-masonry-item='1071' class='av-masonry-entry isotope-item post-1071 portfolio type-portfolio status-publish has-post-thumbnail hentry portfolio_entries-obiekty-uzytecznosci-publicznej  av-masonry-item-with-image av-grid-img' title=\"O\u015brodek Wsp\u00f3\u0142pracy Europejskiej\"  itemscope=\"itemscope\" itemtype=\"https:\/\/schema.org\/CreativeWork\" ><div class='av-inner-masonry-sizer'><\/div><figure class='av-inner-masonry main_color'><div class=\"av-masonry-outerimage-container\"><div class=\"av-masonry-image-container\" style=\"background-image: url(https:\/\/ozbud.kopie.pro\/wp-content\/uploads\/2018\/03\/003-2-705x443.jpg);\"><img decoding=\"async\" src=\"https:\/\/ozbud.kopie.pro\/wp-content\/uploads\/2018\/03\/003-2-705x443.jpg\" title=\"003\" alt=\"\" \/><\/div><\/div><figcaption class='av-inner-masonry-content site-background'><div class='av-inner-masonry-content-pos'><div class='av-inner-masonry-content-pos-content'><div class='avia-arrow'><\/div><h3 class='av-masonry-entry-title entry-title'  itemprop=\"headline\" >O\u015brodek Wsp\u00f3\u0142pracy Europejskiej<\/h3><\/div><\/div><\/figcaption><\/figure><\/a><!--end av-masonry entry--><a href=\"https:\/\/ozbud.kopie.pro\/index.php\/realizacje\/budynek-hotelowy-topacz\/\" id='av-masonry-1-item-1034' data-av-masonry-item='1034' class='av-masonry-entry isotope-item post-1034 portfolio type-portfolio status-publish has-post-thumbnail hentry portfolio_entries-obiekty-uzytecznosci-publicznej  av-masonry-item-with-image av-grid-img' title=\"Budynek Hotelowy Topacz\"  itemscope=\"itemscope\" itemtype=\"https:\/\/schema.org\/CreativeWork\" ><div class='av-inner-masonry-sizer'><\/div><figure class='av-inner-masonry main_color'><div class=\"av-masonry-outerimage-container\"><div class=\"av-masonry-image-container\" style=\"background-image: url(https:\/\/ozbud.kopie.pro\/wp-content\/uploads\/2018\/03\/002-705x470.jpg);\"><img decoding=\"async\" src=\"https:\/\/ozbud.kopie.pro\/wp-content\/uploads\/2018\/03\/002-705x470.jpg\" title=\"002\" alt=\"\" \/><\/div><\/div><figcaption class='av-inner-masonry-content site-background'><div class='av-inner-masonry-content-pos'><div class='av-inner-masonry-content-pos-content'><div class='avia-arrow'><\/div><h3 class='av-masonry-entry-title entry-title'  itemprop=\"headline\" >Budynek Hotelowy Topacz<\/h3><\/div><\/div><\/figcaption><\/figure><\/a><!--end av-masonry entry--><a href=\"https:\/\/ozbud.kopie.pro\/index.php\/realizacje\/budynek-izby-architektow\/\" id='av-masonry-1-item-451' data-av-masonry-item='451' class='av-masonry-entry isotope-item post-451 portfolio type-portfolio status-publish has-post-thumbnail hentry portfolio_entries-obiekty-uzytecznosci-publicznej portfolio_entries-remonty-i-renowacje  av-masonry-item-with-image av-landscape-img' title=\"Budynek Izby Architekt\u00f3w\"  itemscope=\"itemscope\" itemtype=\"https:\/\/schema.org\/CreativeWork\" ><div class='av-inner-masonry-sizer'><\/div><figure class='av-inner-masonry main_color'><div class=\"av-masonry-outerimage-container\"><div class=\"av-masonry-image-container\" style=\"background-image: url(https:\/\/ozbud.kopie.pro\/wp-content\/uploads\/2014\/03\/izba-architekt\u00f3w-budynek-zabytkowy-odbudowa-1-705x308.jpg);\"><img decoding=\"async\" src=\"https:\/\/ozbud.kopie.pro\/wp-content\/uploads\/2014\/03\/izba-architekt\u00f3w-budynek-zabytkowy-odbudowa-1-705x308.jpg\" title=\"izba-architekt\u00f3w-budynek-zabytkowy-odbudowa-1\" alt=\"izba-architekt\u00f3w-budynek-zabytkowy-odbudowa-1\" \/><\/div><\/div><figcaption class='av-inner-masonry-content site-background'><div class='av-inner-masonry-content-pos'><div class='av-inner-masonry-content-pos-content'><div class='avia-arrow'><\/div><h3 class='av-masonry-entry-title entry-title'  itemprop=\"headline\" >Budynek Izby Architekt\u00f3w<\/h3><\/div><\/div><\/figcaption><\/figure><\/a><!--end av-masonry entry--><a href=\"https:\/\/ozbud.kopie.pro\/index.php\/realizacje\/komenda-policji-rydygiera\/\" id='av-masonry-1-item-1028' data-av-masonry-item='1028' class='av-masonry-entry isotope-item post-1028 portfolio type-portfolio status-publish has-post-thumbnail hentry portfolio_entries-obiekty-uzytecznosci-publicznej portfolio_entries-remonty-i-renowacje  av-masonry-item-with-image av-grid-img' title=\"Remont Komendy Wojew\u00f3dzkiej Policji przy ul. Rydygiera\"  itemscope=\"itemscope\" itemtype=\"https:\/\/schema.org\/CreativeWork\" ><div class='av-inner-masonry-sizer'><\/div><figure class='av-inner-masonry main_color'><div class=\"av-masonry-outerimage-container\"><div class=\"av-masonry-image-container\" style=\"background-image: url(https:\/\/ozbud.kopie.pro\/wp-content\/uploads\/2018\/03\/2a-705x461.jpeg);\"><img decoding=\"async\" src=\"https:\/\/ozbud.kopie.pro\/wp-content\/uploads\/2018\/03\/2a-705x461.jpeg\" title=\"2a\" alt=\"\" \/><\/div><\/div><figcaption class='av-inner-masonry-content site-background'><div class='av-inner-masonry-content-pos'><div class='av-inner-masonry-content-pos-content'><div class='avia-arrow'><\/div><h3 class='av-masonry-entry-title entry-title'  itemprop=\"headline\" >Remont Komendy Wojew\u00f3dzkiej Policji przy ul. Rydygiera<\/h3><\/div><\/div><\/figcaption><\/figure><\/a><!--end av-masonry entry--><a href=\"https:\/\/ozbud.kopie.pro\/index.php\/realizacje\/hala-sportowa-jawor\/\" id='av-masonry-1-item-1020' data-av-masonry-item='1020' class='av-masonry-entry isotope-item post-1020 portfolio type-portfolio status-publish has-post-thumbnail hentry portfolio_entries-obiekty-uzytecznosci-publicznej  av-masonry-item-with-image av-landscape-img' title=\"Hala Sportowa w Jaworze\"  itemscope=\"itemscope\" itemtype=\"https:\/\/schema.org\/CreativeWork\" ><div class='av-inner-masonry-sizer'><\/div><figure class='av-inner-masonry main_color'><div class=\"av-masonry-outerimage-container\"><div class=\"av-masonry-image-container\" style=\"background-image: url(https:\/\/ozbud.kopie.pro\/wp-content\/uploads\/2018\/03\/07032012336-1-705x396.jpg);\"><img decoding=\"async\" src=\"https:\/\/ozbud.kopie.pro\/wp-content\/uploads\/2018\/03\/07032012336-1-705x396.jpg\" title=\"07032012336\" alt=\"\" \/><\/div><\/div><figcaption class='av-inner-masonry-content site-background'><div class='av-inner-masonry-content-pos'><div class='av-inner-masonry-content-pos-content'><div class='avia-arrow'><\/div><h3 class='av-masonry-entry-title entry-title'  itemprop=\"headline\" >Hala Sportowa w Jaworze<\/h3><\/div><\/div><\/figcaption><\/figure><\/a><!--end av-masonry entry--><a href=\"https:\/\/ozbud.kopie.pro\/index.php\/realizacje\/hala-sportowa-dziadowa-kloda\/\" id='av-masonry-1-item-1014' data-av-masonry-item='1014' class='av-masonry-entry isotope-item post-1014 portfolio type-portfolio status-publish has-post-thumbnail hentry portfolio_entries-obiekty-uzytecznosci-publicznej  av-masonry-item-with-image av-grid-img' title=\"Hala Sportowa w Dziadowej K\u0142odzie\"  itemscope=\"itemscope\" itemtype=\"https:\/\/schema.org\/CreativeWork\" ><div class='av-inner-masonry-sizer'><\/div><figure class='av-inner-masonry main_color'><div class=\"av-masonry-outerimage-container\"><div class=\"av-masonry-image-container\" style=\"background-image: url(https:\/\/ozbud.kopie.pro\/wp-content\/uploads\/2018\/03\/DSC08394-705x471.jpg);\"><img decoding=\"async\" src=\"https:\/\/ozbud.kopie.pro\/wp-content\/uploads\/2018\/03\/DSC08394-705x471.jpg\" title=\"SONY DSC\" alt=\"\" \/><\/div><\/div><figcaption class='av-inner-masonry-content site-background'><div class='av-inner-masonry-content-pos'><div class='av-inner-masonry-content-pos-content'><div class='avia-arrow'><\/div><h3 class='av-masonry-entry-title entry-title'  itemprop=\"headline\" >Hala Sportowa w Dziadowej K\u0142odzie<\/h3><\/div><\/div><\/figcaption><\/figure><\/a><!--end av-masonry entry--><a href=\"https:\/\/ozbud.kopie.pro\/index.php\/realizacje\/remont-dworzec-kuzniki\/\" id='av-masonry-1-item-988' data-av-masonry-item='988' class='av-masonry-entry isotope-item post-988 portfolio type-portfolio status-publish has-post-thumbnail hentry portfolio_entries-obiekty-uzytecznosci-publicznej portfolio_entries-remonty-i-renowacje  av-masonry-item-with-image av-grid-img' title=\"Remont Dworca Kolejowego Wroc\u0142aw Pracze\"  itemscope=\"itemscope\" itemtype=\"https:\/\/schema.org\/CreativeWork\" ><div class='av-inner-masonry-sizer'><\/div><figure class='av-inner-masonry main_color'><div class=\"av-masonry-outerimage-container\"><div class=\"av-masonry-image-container\" style=\"background-image: url(https:\/\/ozbud.kopie.pro\/wp-content\/uploads\/2018\/03\/DSC_0288.jpg);\"><img decoding=\"async\" src=\"https:\/\/ozbud.kopie.pro\/wp-content\/uploads\/2018\/03\/DSC_0288.jpg\" title=\"DSC_0288\" alt=\"\" \/><\/div><\/div><figcaption class='av-inner-masonry-content site-background'><div class='av-inner-masonry-content-pos'><div class='av-inner-masonry-content-pos-content'><div class='avia-arrow'><\/div><h3 class='av-masonry-entry-title entry-title'  itemprop=\"headline\" >Remont Dworca Kolejowego Wroc\u0142aw Pracze<\/h3><\/div><\/div><\/figcaption><\/figure><\/a><!--end av-masonry entry--><a href=\"https:\/\/ozbud.kopie.pro\/index.php\/realizacje\/remont-dworca-wroclaw-kuzniki\/\" id='av-masonry-1-item-1157' data-av-masonry-item='1157' class='av-masonry-entry isotope-item post-1157 portfolio type-portfolio status-publish has-post-thumbnail hentry portfolio_entries-obiekty-uzytecznosci-publicznej portfolio_entries-remonty-i-renowacje  av-masonry-item-with-image av-grid-img' title=\"Remont Dworca, Wroc\u0142aw Ku\u017aniki\"  itemscope=\"itemscope\" itemtype=\"https:\/\/schema.org\/CreativeWork\" ><div class='av-inner-masonry-sizer'><\/div><figure class='av-inner-masonry main_color'><div class=\"av-masonry-outerimage-container\"><div class=\"av-masonry-image-container\" style=\"background-image: url(https:\/\/ozbud.kopie.pro\/wp-content\/uploads\/2018\/03\/remont-zabytkowego-dworca-kuzniki-2-705x470.jpg);\"><img decoding=\"async\" src=\"https:\/\/ozbud.kopie.pro\/wp-content\/uploads\/2018\/03\/remont-zabytkowego-dworca-kuzniki-2-705x470.jpg\" title=\"remont-zabytkowego-dworca-kuzniki (2)\" alt=\"\" \/><\/div><\/div><figcaption class='av-inner-masonry-content site-background'><div class='av-inner-masonry-content-pos'><div class='av-inner-masonry-content-pos-content'><div class='avia-arrow'><\/div><h3 class='av-masonry-entry-title entry-title'  itemprop=\"headline\" >Remont Dworca, Wroc\u0142aw Ku\u017aniki<\/h3><\/div><\/div><\/figcaption><\/figure><\/a><!--end av-masonry entry--><a href=\"https:\/\/ozbud.kopie.pro\/index.php\/realizacje\/obiekt-naukowo-dydaktyczny\/\" id='av-masonry-1-item-1007' data-av-masonry-item='1007' class='av-masonry-entry isotope-item post-1007 portfolio type-portfolio status-publish has-post-thumbnail hentry portfolio_entries-obiekty-uzytecznosci-publicznej  av-masonry-item-with-image av-grid-img' title=\"Obiekt o charakterze naukowo-dydaktycznym\"  itemscope=\"itemscope\" itemtype=\"https:\/\/schema.org\/CreativeWork\" ><div class='av-inner-masonry-sizer'><\/div><figure class='av-inner-masonry main_color'><div class=\"av-masonry-outerimage-container\"><div class=\"av-masonry-image-container\" style=\"background-image: url(https:\/\/ozbud.kopie.pro\/wp-content\/uploads\/2018\/03\/IMG_4734-1-705x470.jpg);\"><img decoding=\"async\" src=\"https:\/\/ozbud.kopie.pro\/wp-content\/uploads\/2018\/03\/IMG_4734-1-705x470.jpg\" title=\"IMG_4734\" alt=\"\" \/><\/div><\/div><figcaption class='av-inner-masonry-content site-background'><div class='av-inner-masonry-content-pos'><div class='av-inner-masonry-content-pos-content'><div class='avia-arrow'><\/div><h3 class='av-masonry-entry-title entry-title'  itemprop=\"headline\" >Obiekt o charakterze naukowo-dydaktycznym<\/h3><\/div><\/div><\/figcaption><\/figure><\/a><!--end av-masonry entry--><a href=\"https:\/\/ozbud.kopie.pro\/index.php\/realizacje\/hala-sportowa-piotra-skargi\/\" id='av-masonry-1-item-995' data-av-masonry-item='995' class='av-masonry-entry isotope-item post-995 portfolio type-portfolio status-publish has-post-thumbnail hentry portfolio_entries-obiekty-uzytecznosci-publicznej  av-masonry-item-with-image av-grid-img' title=\"Hala Sportowa we Wroc\u0142awiu\"  itemscope=\"itemscope\" itemtype=\"https:\/\/schema.org\/CreativeWork\" ><div class='av-inner-masonry-sizer'><\/div><figure class='av-inner-masonry main_color'><div class=\"av-masonry-outerimage-container\"><div class=\"av-masonry-image-container\" style=\"background-image: url(https:\/\/ozbud.kopie.pro\/wp-content\/uploads\/2018\/03\/IMG_0002-705x470.jpg);\"><img decoding=\"async\" src=\"https:\/\/ozbud.kopie.pro\/wp-content\/uploads\/2018\/03\/IMG_0002-705x470.jpg\" title=\"IMG_0002\" alt=\"\" \/><\/div><\/div><figcaption class='av-inner-masonry-content site-background'><div class='av-inner-masonry-content-pos'><div class='av-inner-masonry-content-pos-content'><div class='avia-arrow'><\/div><h3 class='av-masonry-entry-title entry-title'  itemprop=\"headline\" >Hala Sportowa we Wroc\u0142awiu<\/h3><\/div><\/div><\/figcaption><\/figure><\/a><!--end av-masonry entry--><a href=\"https:\/\/ozbud.kopie.pro\/index.php\/realizacje\/hala-sportowa-swistackiego\/\" id='av-masonry-1-item-978' data-av-masonry-item='978' class='av-masonry-entry isotope-item post-978 portfolio type-portfolio status-publish has-post-thumbnail hentry portfolio_entries-obiekty-uzytecznosci-publicznej  av-masonry-item-with-image av-grid-img' title=\"Budowa Hali Sportowej we Wroc\u0142awiu\"  itemscope=\"itemscope\" itemtype=\"https:\/\/schema.org\/CreativeWork\" ><div class='av-inner-masonry-sizer'><\/div><figure class='av-inner-masonry main_color'><div class=\"av-masonry-outerimage-container\"><div class=\"av-masonry-image-container\" style=\"background-image: url(https:\/\/ozbud.kopie.pro\/wp-content\/uploads\/2018\/03\/SALA_SWISTACJKIEGO_6-1.jpg);\"><img decoding=\"async\" src=\"https:\/\/ozbud.kopie.pro\/wp-content\/uploads\/2018\/03\/SALA_SWISTACJKIEGO_6-1.jpg\" title=\"SALA_SWISTACJKIEGO_6\" alt=\"\" \/><\/div><\/div><figcaption class='av-inner-masonry-content site-background'><div class='av-inner-masonry-content-pos'><div class='av-inner-masonry-content-pos-content'><div class='avia-arrow'><\/div><h3 class='av-masonry-entry-title entry-title'  itemprop=\"headline\" >Budowa Hali Sportowej we Wroc\u0142awiu<\/h3><\/div><\/div><\/figcaption><\/figure><\/a><!--end av-masonry entry--><a href=\"https:\/\/ozbud.kopie.pro\/index.php\/realizacje\/hala-sportowa-reja\/\" id='av-masonry-1-item-965' data-av-masonry-item='965' class='av-masonry-entry isotope-item post-965 portfolio type-portfolio status-publish has-post-thumbnail hentry portfolio_entries-obiekty-uzytecznosci-publicznej  av-masonry-item-with-image av-grid-img' title=\"Budowa Hali Sportowej we Wroc\u0142awiu\"  itemscope=\"itemscope\" itemtype=\"https:\/\/schema.org\/CreativeWork\" ><div class='av-inner-masonry-sizer'><\/div><figure class='av-inner-masonry main_color'><div class=\"av-masonry-outerimage-container\"><div class=\"av-masonry-image-container\" style=\"background-image: url(https:\/\/ozbud.kopie.pro\/wp-content\/uploads\/2018\/03\/SALA_REJA_7-1.jpg);\"><img decoding=\"async\" src=\"https:\/\/ozbud.kopie.pro\/wp-content\/uploads\/2018\/03\/SALA_REJA_7-1.jpg\" title=\"SALA_REJA_7\" alt=\"\" \/><\/div><\/div><figcaption class='av-inner-masonry-content site-background'><div class='av-inner-masonry-content-pos'><div class='av-inner-masonry-content-pos-content'><div class='avia-arrow'><\/div><h3 class='av-masonry-entry-title entry-title'  itemprop=\"headline\" >Budowa Hali Sportowej we Wroc\u0142awiu<\/h3><\/div><\/div><\/figcaption><\/figure><\/a><!--end av-masonry entry--><a href=\"https:\/\/ozbud.kopie.pro\/index.php\/realizacje\/remont-kamienicy-szczytnicka\/\" id='av-masonry-1-item-1140' data-av-masonry-item='1140' class='av-masonry-entry isotope-item post-1140 portfolio type-portfolio status-publish has-post-thumbnail hentry portfolio_entries-budownictwo-mieszkaniowe portfolio_entries-obiekty-uzytecznosci-publicznej portfolio_entries-remonty-i-renowacje  av-masonry-item-with-image av-grid-img' title=\"Remont Kamienicy ul. Szczytnicka\"  itemscope=\"itemscope\" itemtype=\"https:\/\/schema.org\/CreativeWork\" ><div class='av-inner-masonry-sizer'><\/div><figure class='av-inner-masonry main_color'><div class=\"av-masonry-outerimage-container\"><div class=\"av-masonry-image-container\" style=\"background-image: url(https:\/\/ozbud.kopie.pro\/wp-content\/uploads\/2018\/03\/SZCZYTNICKA_1.jpg);\"><img decoding=\"async\" src=\"https:\/\/ozbud.kopie.pro\/wp-content\/uploads\/2018\/03\/SZCZYTNICKA_1.jpg\" title=\"SZCZYTNICKA_1\" alt=\"\" \/><\/div><\/div><figcaption class='av-inner-masonry-content site-background'><div class='av-inner-masonry-content-pos'><div class='av-inner-masonry-content-pos-content'><div class='avia-arrow'><\/div><h3 class='av-masonry-entry-title entry-title'  itemprop=\"headline\" >Remont Kamienicy ul. Szczytnicka<\/h3><\/div><\/div><\/figcaption><\/figure><\/a><!--end av-masonry entry--><a href=\"https:\/\/ozbud.kopie.pro\/index.php\/realizacje\/dps-wroclaw\/\" id='av-masonry-1-item-1128' data-av-masonry-item='1128' class='av-masonry-entry isotope-item post-1128 portfolio type-portfolio status-publish has-post-thumbnail hentry portfolio_entries-obiekty-uzytecznosci-publicznej portfolio_entries-remonty-i-renowacje portfolio_entries-roboty-dekarskie  av-masonry-item-with-image av-grid-img' title=\"Dom Pomocy Spo\u0142ecznej we Wroc\u0142awiu\"  itemscope=\"itemscope\" itemtype=\"https:\/\/schema.org\/CreativeWork\" ><div class='av-inner-masonry-sizer'><\/div><figure class='av-inner-masonry main_color'><div class=\"av-masonry-outerimage-container\"><div class=\"av-masonry-image-container\" style=\"background-image: url(https:\/\/ozbud.kopie.pro\/wp-content\/uploads\/2018\/03\/MOPS_1.jpg);\"><img decoding=\"async\" src=\"https:\/\/ozbud.kopie.pro\/wp-content\/uploads\/2018\/03\/MOPS_1.jpg\" title=\"MOPS_1\" alt=\"\" \/><\/div><\/div><figcaption class='av-inner-masonry-content site-background'><div class='av-inner-masonry-content-pos'><div class='av-inner-masonry-content-pos-content'><div class='avia-arrow'><\/div><h3 class='av-masonry-entry-title entry-title'  itemprop=\"headline\" >Dom Pomocy Spo\u0142ecznej we Wroc\u0142awiu<\/h3><\/div><\/div><\/figcaption><\/figure><\/a><!--end av-masonry entry--><a href=\"https:\/\/ozbud.kopie.pro\/index.php\/realizacje\/biuro-wystaw\/\" id='av-masonry-1-item-957' data-av-masonry-item='957' class='av-masonry-entry isotope-item post-957 portfolio type-portfolio status-publish has-post-thumbnail hentry portfolio_entries-obiekty-uzytecznosci-publicznej portfolio_entries-remonty-i-renowacje  av-masonry-item-with-image av-grid-img' title=\"Biuro Wystaw przy ul. Wita Stwosza\"  itemscope=\"itemscope\" itemtype=\"https:\/\/schema.org\/CreativeWork\" ><div class='av-inner-masonry-sizer'><\/div><figure class='av-inner-masonry main_color'><div class=\"av-masonry-outerimage-container\"><div class=\"av-masonry-image-container\" style=\"background-image: url(https:\/\/ozbud.kopie.pro\/wp-content\/uploads\/2018\/03\/BWA_1-1.jpg);\"><img decoding=\"async\" src=\"https:\/\/ozbud.kopie.pro\/wp-content\/uploads\/2018\/03\/BWA_1-1.jpg\" title=\"BWA_1\" alt=\"\" \/><\/div><\/div><figcaption class='av-inner-masonry-content site-background'><div class='av-inner-masonry-content-pos'><div class='av-inner-masonry-content-pos-content'><div class='avia-arrow'><\/div><h3 class='av-masonry-entry-title entry-title'  itemprop=\"headline\" >Biuro Wystaw przy ul. Wita Stwosza<\/h3><\/div><\/div><\/figcaption><\/figure><\/a><!--end av-masonry entry--><a href=\"https:\/\/ozbud.kopie.pro\/index.php\/realizacje\/remont-awf\/\" id='av-masonry-1-item-954' data-av-masonry-item='954' class='av-masonry-entry isotope-item post-954 portfolio type-portfolio status-publish has-post-thumbnail hentry portfolio_entries-obiekty-uzytecznosci-publicznej portfolio_entries-remonty-i-renowacje  av-masonry-item-with-image av-grid-img' title=\"Remont Budynku dla AWF\"  itemscope=\"itemscope\" itemtype=\"https:\/\/schema.org\/CreativeWork\" ><div class='av-inner-masonry-sizer'><\/div><figure class='av-inner-masonry main_color'><div class=\"av-masonry-outerimage-container\"><div class=\"av-masonry-image-container\" style=\"background-image: url(https:\/\/ozbud.kopie.pro\/wp-content\/uploads\/2018\/03\/AWF_1.jpg);\"><img decoding=\"async\" src=\"https:\/\/ozbud.kopie.pro\/wp-content\/uploads\/2018\/03\/AWF_1.jpg\" title=\"AWF_1\" alt=\"\" \/><\/div><\/div><figcaption class='av-inner-masonry-content site-background'><div class='av-inner-masonry-content-pos'><div class='av-inner-masonry-content-pos-content'><div class='avia-arrow'><\/div><h3 class='av-masonry-entry-title entry-title'  itemprop=\"headline\" >Remont Budynku dla AWF<\/h3><\/div><\/div><\/figcaption><\/figure><\/a><!--end av-masonry entry--><a href=\"https:\/\/ozbud.kopie.pro\/index.php\/realizacje\/remont-akademia-rolnicza\/\" id='av-masonry-1-item-944' data-av-masonry-item='944' class='av-masonry-entry isotope-item post-944 portfolio type-portfolio status-publish has-post-thumbnail hentry portfolio_entries-obiekty-uzytecznosci-publicznej portfolio_entries-remonty-i-renowacje  av-masonry-item-with-image av-grid-img' title=\"Remont Budynku dla Akademii Rolniczej\"  itemscope=\"itemscope\" itemtype=\"https:\/\/schema.org\/CreativeWork\" ><div class='av-inner-masonry-sizer'><\/div><figure class='av-inner-masonry main_color'><div class=\"av-masonry-outerimage-container\"><div class=\"av-masonry-image-container\" style=\"background-image: url(https:\/\/ozbud.kopie.pro\/wp-content\/uploads\/2002\/03\/LABIRYNT_1.jpg);\"><img decoding=\"async\" src=\"https:\/\/ozbud.kopie.pro\/wp-content\/uploads\/2002\/03\/LABIRYNT_1.jpg\" title=\"LABIRYNT_1\" alt=\"\" \/><\/div><\/div><figcaption class='av-inner-masonry-content site-background'><div class='av-inner-masonry-content-pos'><div class='av-inner-masonry-content-pos-content'><div class='avia-arrow'><\/div><h3 class='av-masonry-entry-title entry-title'  itemprop=\"headline\" >Remont Budynku dla Akademii Rolniczej<\/h3><\/div><\/div><\/figcaption><\/figure><\/a><!--end av-masonry entry--><a href=\"https:\/\/ozbud.kopie.pro\/index.php\/realizacje\/sad-apelacyjny-wroclaw\/\" id='av-masonry-1-item-1092' data-av-masonry-item='1092' class='av-masonry-entry isotope-item post-1092 portfolio type-portfolio status-publish has-post-thumbnail hentry portfolio_entries-obiekty-uzytecznosci-publicznej portfolio_entries-remonty-i-renowacje  av-masonry-item-with-image av-grid-img' title=\"S\u0105d Apelacyjny we Wroc\u0142awiu\"  itemscope=\"itemscope\" itemtype=\"https:\/\/schema.org\/CreativeWork\" ><div class='av-inner-masonry-sizer'><\/div><figure class='av-inner-masonry main_color'><div class=\"av-masonry-outerimage-container\"><div class=\"av-masonry-image-container\" style=\"background-image: url(https:\/\/ozbud.kopie.pro\/wp-content\/uploads\/2018\/03\/SAD_2.jpg);\"><img decoding=\"async\" src=\"https:\/\/ozbud.kopie.pro\/wp-content\/uploads\/2018\/03\/SAD_2.jpg\" title=\"SAD_2\" alt=\"\" \/><\/div><\/div><figcaption class='av-inner-masonry-content site-background'><div class='av-inner-masonry-content-pos'><div class='av-inner-masonry-content-pos-content'><div class='avia-arrow'><\/div><h3 class='av-masonry-entry-title entry-title'  itemprop=\"headline\" >S\u0105d Apelacyjny we Wroc\u0142awiu<\/h3><\/div><\/div><\/figcaption><\/figure><\/a><!--end av-masonry entry--><a href=\"https:\/\/ozbud.kopie.pro\/index.php\/realizacje\/komenda-polbina\/\" id='av-masonry-1-item-1089' data-av-masonry-item='1089' class='av-masonry-entry isotope-item post-1089 portfolio type-portfolio status-publish has-post-thumbnail hentry portfolio_entries-obiekty-uzytecznosci-publicznej portfolio_entries-remonty-i-renowacje  av-masonry-item-with-image av-grid-img' title=\"Komenda Wojew\u00f3dzka przy ul. Po\u0142bina\"  itemscope=\"itemscope\" itemtype=\"https:\/\/schema.org\/CreativeWork\" ><div class='av-inner-masonry-sizer'><\/div><figure class='av-inner-masonry main_color'><div class=\"av-masonry-outerimage-container\"><div class=\"av-masonry-image-container\" style=\"background-image: url(https:\/\/ozbud.kopie.pro\/wp-content\/uploads\/2018\/03\/POLICJA_2.jpg);\"><img decoding=\"async\" src=\"https:\/\/ozbud.kopie.pro\/wp-content\/uploads\/2018\/03\/POLICJA_2.jpg\" title=\"POLICJA_2\" alt=\"\" \/><\/div><\/div><figcaption class='av-inner-masonry-content site-background'><div class='av-inner-masonry-content-pos'><div class='av-inner-masonry-content-pos-content'><div class='avia-arrow'><\/div><h3 class='av-masonry-entry-title entry-title'  itemprop=\"headline\" >Komenda Wojew\u00f3dzka przy ul. Po\u0142bina<\/h3><\/div><\/div><\/figcaption><\/figure><\/a><!--end av-masonry entry--><\/div><\/div>\n","protected":false},"excerpt":{"rendered":"","protected":false},"author":1,"featured_media":0,"parent":0,"menu_order":0,"comment_status":"closed","ping_status":"closed","template":"","meta":{"footnotes":""},"yst_prominent_words":[459,458,455],"class_list":["post-349","page","type-page","status-publish","hentry"],"_links":{"self":[{"href":"https:\/\/ozbud.kopie.pro\/index.php\/wp-json\/wp\/v2\/pages\/349","targetHints":{"allow":["GET"]}}],"collection":[{"href":"https:\/\/ozbud.kopie.pro\/index.php\/wp-json\/wp\/v2\/pages"}],"about":[{"href":"https:\/\/ozbud.kopie.pro\/index.php\/wp-json\/wp\/v2\/types\/page"}],"author":[{"embeddable":true,"href":"https:\/\/ozbud.kopie.pro\/index.php\/wp-json\/wp\/v2\/users\/1"}],"replies":[{"embeddable":true,"href":"https:\/\/ozbud.kopie.pro\/index.php\/wp-json\/wp\/v2\/comments?post=349"}],"version-history":[{"count":9,"href":"https:\/\/ozbud.kopie.pro\/index.php\/wp-json\/wp\/v2\/pages\/349\/revisions"}],"predecessor-version":[{"id":2820,"href":"https:\/\/ozbud.kopie.pro\/index.php\/wp-json\/wp\/v2\/pages\/349\/revisions\/2820"}],"wp:attachment":[{"href":"https:\/\/ozbud.kopie.pro\/index.php\/wp-json\/wp\/v2\/media?parent=349"}],"wp:term":[{"taxonomy":"yst_prominent_words","embeddable":true,"href":"https:\/\/ozbud.kopie.pro\/index.php\/wp-json\/wp\/v2\/yst_prominent_words?post=349"}],"curies":[{"name":"wp","href":"https:\/\/api.w.org\/{rel}","templated":true}]}}